{"id":224,"date":"2017-10-22T09:41:49","date_gmt":"2017-10-22T09:41:49","guid":{"rendered":"http:\/\/www.av-rheinland.de\/?page_id=224"},"modified":"2017-10-22T09:41:49","modified_gmt":"2017-10-22T09:41:49","slug":"bonner-jahrbuecher-212-2012","status":"publish","type":"page","link":"http:\/\/www.av-rheinland.de\/index.php\/der-verein\/publikationen\/bonner-jahrbuecher\/bonner-jahrbuecher-212-2012\/","title":{"rendered":"Bonner Jahrb\u00fccher 212, 2012"},"content":{"rendered":"<p><strong>Bonner Jahrb\u00fccher 212, 2012<\/strong><\/p>\n<table width=\"100%\">\n<tbody>\n<tr>\n<td width=\"93%\"><em>Hans-Eckart Joachim<\/em><br \/>\nDer Arch\u00e4ologe, Althistoriker und Museumsmann Harald von Petrikovits<br \/>\nEine biografische Skizze<br \/>\n<a href=\"#joachim\">Zusammenfassung<\/a><\/td>\n<td width=\"5%\">3<\/td>\n<\/tr>\n<tr>\n<td width=\"93%\"><em>Michael Baales, Ingrid Koch und Kathrin Nowak<\/em><br \/>\nZur mittelneolithischen Landschaftsnutzung im Siegerland<br \/>\n<a href=\"#baales\">Zusammenfassung<\/a><\/td>\n<td width=\"5%\">\u00a019<\/td>\n<\/tr>\n<tr>\n<td width=\"93%\"><em>Klaus Grewe<\/em><br \/>\nDie Ziegelmarken am Aqu\u00e4dukt von Minturnae<br \/>\n<a href=\"#grewe\">Zusammenfassung<\/a><\/td>\n<td width=\"5%\">35<\/td>\n<\/tr>\n<tr>\n<td width=\"93%\"><em>Manuel Fiedler und Constanze H\u00f6pken<\/em><br \/>\nWandmalereifunde aus dem r\u00f6mischen Vicus in Bonn<br \/>\n<a href=\"#fiedler\">Zusammenfassung<\/a><\/td>\n<td width=\"5%\">\u00a051<\/td>\n<\/tr>\n<tr>\n<td width=\"93%\"><em>Sebastian C. Sommer<\/em><br \/>\nZur Rekonstruktion der Basilika von Ladenburg<br \/>\nKritische Fragen zu neuen Forschungen<br \/>\n<a href=\"#sommer\">Zusammenfassung<\/a><\/td>\n<td width=\"5%\">\u00a071<\/td>\n<\/tr>\n<tr>\n<td width=\"93%\"><em>Jennifer Komp<\/em><br \/>\nWiederentdeckung im Depot<br \/>\nAusgew\u00e4hlte Funde der Grabung Egon Gersbach im Bonner Legionslager<br \/>\n<a href=\"#komp\">Zusammenfassung<\/a><\/td>\n<td width=\"5%\">\u00a083<\/td>\n<\/tr>\n<\/tbody>\n<\/table>\n<table width=\"100%\">\n<tbody>\n<tr>\n<td width=\"93%\"><em>Marion Br\u00fcggler, Christiane Dirsch, Michael Drechsler, Roland Schwab und Frank Willer<\/em><br \/>\nEin r\u00f6mischer Schienenarmschutz aus dem Auxiliarlager Till-Steincheshof und die Messingherstellung in der r\u00f6mischen Kaiserzeit<br \/>\n<a href=\"#brueggler\">Zusammenfassung<\/a><\/td>\n<td width=\"5%\">\u00a0121<\/td>\n<\/tr>\n<\/tbody>\n<\/table>\n<table width=\"100%\">\n<tbody>\n<tr>\n<td width=\"93%\"><em>Peter Rothenh\u00f6fer und Julian Hollaender<\/em><br \/>\nEine Inschrift Kaiser Julians aus der Germania secunda<br \/>\n<a href=\"#rothenhoefer\">Zusammenfassung<\/a><\/td>\n<td width=\"5%\">153<\/td>\n<\/tr>\n<\/tbody>\n<\/table>\n<table width=\"100%\">\n<tbody>\n<tr>\n<td width=\"93%\"><em>Wolf-R\u00fcdiger Teegen<\/em><br \/>\nZu einer Ringfibel mit Fu\u00dfplatte und beidseitigen stilisierten Tierk\u00f6pfen aus Heimbach-Vlatten<br \/>\n<a href=\"#teegen\">Zusammenfassung<\/a><\/td>\n<td width=\"5%\">161<\/td>\n<\/tr>\n<tr>\n<td width=\"93%\"><em>Torsten R\u00fcnger<\/em><br \/>\nZwei Wasserm\u00fchlen der Karolingerzeit im Rotbachtal bei Niederberg<br \/>\nmit einem Beitrag von Jutta Meurers-Balke und Silke Schamuhn<br \/>\n<a href=\"#ruenger\"> Zusammenfassung<\/a><\/td>\n<td width=\"5%\">167<\/td>\n<\/tr>\n<tr>\n<td width=\"93%\"><em>Sebastian Ristow<\/em><br \/>\nSarkophag f\u00fcr einen S\u00e4ugling aus der Domgrabung in Aachen<br \/>\n<a href=\"#ristow\">Zusammenfassung<\/a><\/td>\n<td width=\"5%\">227<\/td>\n<\/tr>\n<tr>\n<td width=\"93%\"><em>Marcel El-Kassem<\/em><br \/>\nDie hochmittelalterliche Klostersiedlung der Abtei Brauweiler<br \/>\n<a href=\"#elkassem\">Zusammenfassung<\/a><\/td>\n<td width=\"5%\">241<\/td>\n<\/tr>\n<\/tbody>\n<\/table>\n<p><strong>Berichte<\/strong><\/p>\n<table width=\"100%\">\n<tbody>\n<tr>\n<td width=\"93%\">Arch\u00e4ologischer Park Xanten<\/p>\n<p>Untersuchungen in der Colonia Ulpia Traiana 2011<\/td>\n<td width=\"7%\">279<\/td>\n<\/tr>\n<tr>\n<td width=\"93%\">Rheinisches Amt f\u00fcr Bodendenkmalpflege<\/p>\n<p>Ausgrabungen, Funde und Befunde 2009<\/td>\n<td width=\"7%\">&nbsp;<\/p>\n<p>285<\/td>\n<\/tr>\n<tr>\n<td width=\"93%\">Rheinisches Landesmuseum Bonn<\/p>\n<p>Bericht der Direktion f\u00fcr das Jahr 2011<\/td>\n<td width=\"7%\">&nbsp;<\/p>\n<p>311<\/td>\n<\/tr>\n<tr>\n<td width=\"93%\">Rheinisches Amt f\u00fcr Bodendenkmalpflege<\/p>\n<p>Bericht der Amtsleitung f\u00fcr das Jahr 2011<\/td>\n<td width=\"7%\">&nbsp;<\/p>\n<p>321<\/td>\n<\/tr>\n<tr>\n<td width=\"93%\">Verein von Altertumsfreunden im Rheinlande<\/p>\n<p>Bericht \u00fcber die T\u00e4tigkeit im Jahre 2011<\/td>\n<td width=\"7%\">&nbsp;<\/p>\n<p>325<\/td>\n<\/tr>\n<\/tbody>\n<\/table>\n<p><strong>\u00a0Besprechungen<\/strong><\/p>\n<table width=\"100%\">\n<tbody>\n<tr>\n<td width=\"93%\"><strong>Vorgeschichte<\/strong><\/td>\n<td width=\"5%\"><strong>\u00a0<\/strong><\/td>\n<\/tr>\n<tr>\n<td width=\"93%\">Detlef Gronenborn und J\u00f6rg Petrasch (Hrsg.), Die Neolithisierung Mitteleuropas. The Spread of the Neolithic to Central Europe <em>(Daniela Hofmann)<\/em><\/td>\n<td width=\"5%\">329<\/td>\n<\/tr>\n<tr>\n<td width=\"93%\">Friedrich Laux, Die Schwerter in Niedersachsen. Pr\u00e4historische Bronzefunde, Band IV\u00a017 <em>(Philipp W. Stockhammer)<\/em><\/td>\n<td width=\"5%\">333<\/td>\n<\/tr>\n<tr>\n<td width=\"93%\">Dietmar-Wilfried R. Buck und Dagmar Buck, Das Gr\u00e4berfeld Klein Lieskow. Studien zur Lausitzer Kultur, B\u00e4nde 1 und 2 <em>(Alexander Gramsch)<\/em><\/td>\n<td width=\"5%\">334<\/td>\n<\/tr>\n<tr>\n<td width=\"93%\">Konstantin V. \u010cugunov, Hermann Parzinger und Anatoli Nagler, Der skythenzeitliche F\u00fcrstenkurgan Ar\u017ean\u00a02 in Tuva <em>(Gundula Mehnert)<\/em><\/td>\n<td width=\"5%\">336<\/td>\n<\/tr>\n<tr>\n<td width=\"93%\"><strong>Klassische Arch\u00e4ologie <\/strong><\/td>\n<td width=\"5%\"><strong>\u00a0<\/strong><\/td>\n<\/tr>\n<tr>\n<td width=\"93%\">Heide Frielinghaus, Die Helme von Olympia. Ein Beitrag zu Waffenweihungen in griechischen Heiligt\u00fcmern. \u2013 Hermann Born, Die Helme des Hephaistos. Handwerk und Technik griechischer Bronzen in Olympia <em>(Ute Klatt)\u00a0\u00a0\u00a0 <\/em><\/td>\n<td width=\"5%\">339<\/td>\n<\/tr>\n<tr>\n<td width=\"93%\">Giulia Rocco, La ceramografia protoattica. Pittori e botteghe (710\u2013630 a.\u00a0C.) <em>(Harald Schulze)<\/em><\/td>\n<td width=\"5%\">344<\/td>\n<\/tr>\n<tr>\n<td width=\"93%\">Eleni Hatzivassiliou (\u2020), Athenian Black Figure Iconography between 510 and 475 B.\u00a0C. <em>(Sabine Weber)<\/em><\/td>\n<td width=\"5%\">346<\/td>\n<\/tr>\n<tr>\n<td width=\"93%\">Bernhard Schmaltz, Attisch-schwarzfigurige und Attisch-rotfigurige Importe von der Pal\u00e4stra-Terrasse in Kaunos <em>(Stefania Peluso)<\/em><\/td>\n<td width=\"5%\">349<\/td>\n<\/tr>\n<tr>\n<td width=\"93%\">Martina Seifert, Dazugeh\u00f6ren. Kinder in Kulten und Festen von Oikos und Phratrie. Bildanalysen zu attischen Sozialisationsstufen des 6. bis 4. Jahrhunderts v.\u00a0Chr. <em>(Thomas Mannack)<\/em><\/td>\n<td width=\"5%\">351<\/td>\n<\/tr>\n<tr>\n<td width=\"93%\">Henning Wrede, Das Lob der Demokratie am Parthenonfries. \u2013 Burkhard Fehr, Becoming Good Democrats and Wives. Civic Education and Female Socialization on the Parthenon Frieze. \u2013 Christian Ellinghaus, Die Parthenonskulpturen. Der Bauschmuck eines \u00f6ffentlichen Monumentes der demokratischen Gesellschaft Athens zur Zeit des Perikles. Techniken in der bildenden Kunst zur Tradierung von Aussagen <em>(Carlo Gasparri)<\/em><\/td>\n<td width=\"5%\">352<\/td>\n<\/tr>\n<tr>\n<td width=\"93%\">Elisavet S. Sioumpara, Der Asklepios-Tempel von Messene auf der Peloponnes. Untersuchungen zur hellenistischen Tempelarchitektur <em>(Georg A. Plattner)<\/em><\/td>\n<td width=\"5%\">358<\/td>\n<\/tr>\n<tr>\n<td width=\"93%\">Martin Bentz und Christoph Reusser (Hrsg.), Etruskisch-italische und r\u00f6misch-republikanische H\u00e4user <em>(Friederike Bubenheimer-Erhart)<\/em><\/td>\n<td width=\"5%\">361<\/td>\n<\/tr>\n<tr>\n<td width=\"93%\">Richard Neudecker (Hrsg.), Krise und Wandel. S\u00fcditalien im 4. und 3. Jahrhundert v.\u00a0Chr. Internationaler Kongress anl\u00e4sslich des 65. Geburtstages von Dieter Mertens <em>(<\/em><em>Elena Isayev)<\/em><\/td>\n<td width=\"5%\">365<\/td>\n<\/tr>\n<tr>\n<td width=\"93%\">Sophie Helas und Dirce Marzoli (Hrsg.), Ph\u00f6nizisches und punisches St\u00e4dtewesen, Akten der internationalen Tagung in Rom vom 21. bis 23. Februar 2007 <em>(Othmar Jaeggi)<\/em><\/td>\n<td width=\"5%\">368<\/td>\n<\/tr>\n<tr>\n<td width=\"93%\">Peter de Graaf, Late Republican &#8211; Early Imperial Regional Italian Landscapes and Demography <em>(Silvia Polla)<\/em><\/td>\n<td width=\"5%\">372<\/td>\n<\/tr>\n<tr>\n<td width=\"93%\">Benjamin Heinrich Spalthoff, Repr\u00e4sentationsformen des r\u00f6mischen Ritterstandes <em>(Thorsten Beigel)<\/em><\/td>\n<td width=\"5%\">375<\/td>\n<\/tr>\n<tr>\n<td width=\"93%\">Kai Michael T\u00f6pfer, Signa Militaria. Die r\u00f6mischen Feldzeichen in der Republik und im Prinzipat <em>(Eckhard Deschler-Erb)<\/em><\/td>\n<td width=\"5%\">377<\/td>\n<\/tr>\n<tr>\n<td width=\"93%\">Johannes Lipps, Die Basilica Aemilia am Forum Romanum. Der kaiserzeitliche Bau und seine Ornamentik <em>(Tommaso Ismaelli)<\/em><\/td>\n<td width=\"5%\">378<\/td>\n<\/tr>\n<tr>\n<td width=\"93%\">Nathalie de Haan, R\u00f6mische Privatb\u00e4der, Entwicklung, Verbreitung, Struktur und sozialer Status <em>(Harald Mielsch)<\/em><\/td>\n<td width=\"5%\">385<\/td>\n<\/tr>\n<tr>\n<td width=\"93%\">Wolfgang Ehrhardt, Dekorations- und Wohnkontext. Beseitigung, Restaurierung, Verschmelzung und Konservierung von Wandbemalungen in den kampanischen Antikenst\u00e4tten <em>(<\/em><em>Eric M. Moormann)<\/em><\/td>\n<td width=\"5%\">387<\/td>\n<\/tr>\n<tr>\n<td width=\"93%\"><strong>Rom und Provinzen<\/strong><\/td>\n<td width=\"5%\"><strong>\u00a0<\/strong><\/td>\n<\/tr>\n<tr>\n<td width=\"93%\">Rudolf A\u00dfkamp and Tobias Esch (Hrsg.), Imperium. Varus und seine Zeit. Beitr\u00e4ge zum internationalen Kolloquium des LWL-R\u00f6mermuseums am 28. und 29. April 2008 in M\u00fcnster<em> (<\/em><em>Peter S. Wells)<\/em><\/td>\n<td width=\"5%\">397<\/td>\n<\/tr>\n<tr>\n<td width=\"93%\">Joachim Harnecker und Dorothea Mylo, Kalkriese 5. Die r\u00f6mischen Funde vom Oberesch. Die Schnitte 23 bis 39 <em>(Norbert Hanel)<\/em><\/td>\n<td width=\"5%\">399<\/td>\n<\/tr>\n<tr>\n<td width=\"93%\">David J. Breeze, The Frontiers of Imperial Rome <em>(Margot Klee)<\/em><\/td>\n<td width=\"5%\">401<\/td>\n<\/tr>\n<tr>\n<td width=\"93%\">Marcus Zagermann, Der M\u00fcnsterberg in Breisach, Band III. Die r\u00f6merzeitlichen Befunde und Funde der Ausgrabungen Kapuzinergasse (1980\u20131983), Rathauserweiterung \/Tiefgaragenneubau (1984\u20131986) und der baubegleitenden Untersuchungen am M\u00fcnsterplatz (2005\u20132007) <em>(Anna Fl\u00fcckiger)<\/em><\/td>\n<td width=\"5%\">403<\/td>\n<\/tr>\n<tr>\n<td width=\"93%\">Die Fundm\u00fcnzen der r\u00f6mischen Zeit in Deutschland, Abteilung VI. Nordrhein-Westfalen. \u2013 Hans-Christoph Noeske et Barbara Noeske-Winter, Band 3\/1, Reg[ierungsb]ez[irk] D\u00fcsseldorf, Krefeld-Gellep. \u2013 Dirk Backendorf, Band 3\/4 Reg[ierungsb]ez[irk] D\u00fcsseldorf ohne Krefeld-Gellep, Neuss und Xanten <em>(<\/em><em>J\u00e9r\u00e9mie Chameroy)<\/em><\/td>\n<td width=\"5%\">406<\/td>\n<\/tr>\n<tr>\n<td width=\"93%\">Florian Schimmer, Amphoren aus Cambodunum\/Kempten. Ein Beitrag zur Handelsgeschichte der r\u00f6mischen Provinz Raetien <em>(Andreas Wegert)<\/em><\/td>\n<td width=\"5%\">408<\/td>\n<\/tr>\n<tr>\n<td width=\"93%\">Josef L\u00f6ffl, Region im Umbruch. Historisch-arch\u00e4ologische Untersuchungen zur Geschichte des Alpen-Donau-Adriaraumes von der la T\u00e8ne Zeit bis zu den Karolingern, Band\u00a0VII. Die r\u00f6mische Expansion <em>(Ulrich Lambrecht)\u00a0\u00a0\u00a0\u00a0\u00a0\u00a0\u00a0\u00a0\u00a0\u00a0\u00a0\u00a0\u00a0 <\/em><\/td>\n<td width=\"5%\">411<\/td>\n<\/tr>\n<tr>\n<td width=\"93%\">Kasper Gr\u00f8nlund Evers, The Vindolanda Tablets and the Ancient Economy <em>(Stephan Wei\u00df-K\u00f6nig)<\/em><\/td>\n<td width=\"5%\">417<\/td>\n<\/tr>\n<tr>\n<td width=\"93%\">G\u00e9rard Moitrieux, Nouvel Esp\u00e9randieu. Recueil g\u00e9n\u00e9ral des sculptures sur pierre de la Gaule, Band\u00a0III. Toul et la cit\u00e9 des Leuques. <em>(Titus Panhuysen)<\/em><\/td>\n<td width=\"5%\">418<\/td>\n<\/tr>\n<tr>\n<td width=\"93%\">Erwin Pochmarski, Corpus Signorum Imperii Romani. \u00d6sterreich, Band IV\u00a02. Die Portr\u00e4tmedaillons und Portr\u00e4tnischen des Stadtgebietes von Flavia Solva <em>(David Ojeda)<\/em><\/td>\n<td width=\"5%\">423<\/td>\n<\/tr>\n<tr>\n<td width=\"93%\">Detlev Kreikenbom, Lepcis Magna unter den ersten Kaisern <em>(Johannes Eingartner)<\/em><\/td>\n<td width=\"5%\">425<\/td>\n<\/tr>\n<tr>\n<td width=\"93%\">Jehan Desanges, No\u00ebl Duval, Claude Lepelley und Sophie Saint-Amans (Hrsg.), Carte des routes et des cit\u00e9s de l\u2019est de l\u2019Africa \u00e0 la fin de l\u2019Antiqit\u00e9, d\u2019apr\u00e8s le trac\u00e9 de Pierre Salama <em>(Michael Rathmann)<\/em><\/td>\n<td width=\"5%\">429<\/td>\n<\/tr>\n<tr>\n<td width=\"93%\">Renate Bol u.\u00a0a., Milet, Band\u00a0V. Funde aus Milet, Teil 2. Marmorskulpturen der r\u00f6mischen Kaiserzeit aus Milet. Aufstellungskontext und programmatische Aussage <em>(Christopher H. Hallett)<\/em><\/td>\n<td width=\"5%\">430<\/td>\n<\/tr>\n<tr>\n<td width=\"93%\">Ulrich Mania, Die Rote Halle in Pergamon. Ausstattung und Funktion <em>(Winfried Held)<\/em><\/td>\n<td width=\"5%\">433<\/td>\n<\/tr>\n<tr>\n<td width=\"93%\">Christian Gliwitzky, Sp\u00e4te Bl\u00fcte in Side und Perge. Die pamphylische Bauornamentik des 3. Jahrhunderts n.\u00a0Chr. <em>(Georg A. Plattner)<\/em><\/td>\n<td width=\"5%\">437<\/td>\n<\/tr>\n<tr>\n<td width=\"93%\">Andreas P\u00fclz, Das sog. Lukasgrab in Ephesos. Eine Fallstudie zur Adaption antiker Monumente in byzantinischer Zeit <em>(Winfried Held)<\/em><\/td>\n<td width=\"5%\">442<\/td>\n<\/tr>\n<tr>\n<td width=\"93%\">Asher Ovadiah und Yehudit Turnheim, Roman Temples, Shrines and Temene in Israel <em>(Ursula Rothe)<\/em><\/td>\n<td width=\"5%\">445<\/td>\n<\/tr>\n<tr>\n<td width=\"93%\"><strong>Alte Geschichte <\/strong><\/td>\n<td width=\"5%\"><strong>\u00a0<\/strong><\/td>\n<\/tr>\n<tr>\n<td width=\"93%\">Henning Wirth, Die linke Hand. Wahrnehmung und Bewertung in der griechisch-r\u00f6mischen Antike <em>(Beate Wagner-Hasel)<\/em><\/td>\n<td width=\"5%\">449<\/td>\n<\/tr>\n<tr>\n<td width=\"93%\">Peter Eich, Gottesbild und Wahrnehmung. Studien zu Ambivalenzen fr\u00fcher griechischer G\u00f6tterdarstellungen (ca. 800 v.\u00a0Chr. \u2013 ca. 400 v.\u00a0Chr.) <em>(Andreas Hartmann)<\/em><\/td>\n<td width=\"5%\">450<\/td>\n<\/tr>\n<tr>\n<td width=\"93%\">Jean-Marie Kowalski, Navigation et g\u00e9ographie dans l\u2019antiquit\u00e9 gr\u00e9co-romaine. La terre vue de la mer <em>(Reinhold Bichler)<\/em><\/td>\n<td width=\"5%\">454<\/td>\n<\/tr>\n<tr>\n<td width=\"93%\">Andreas Hartmann, Zwischen Relikt und Reliquie. Objektbezogene Erinnerungspraktiken in antiken Gesellschaften <em>(<\/em><em>Gian Franco Chiai)<\/em><\/td>\n<td width=\"5%\">456<\/td>\n<\/tr>\n<tr>\n<td width=\"93%\">Timo Stickler, Korinth und seine Kolonien. Die Stadt am Isthmus im M\u00e4chtegef\u00fcge des klassischen Griechenland<em> (Volker Grieb)<\/em><\/td>\n<td width=\"5%\">459<\/td>\n<\/tr>\n<tr>\n<td width=\"93%\">Christoph Auffahrt (Hrsg.), Religion auf dem Lande. Entstehung und Ver\u00e4nderung von Sakrallandschaften unter r\u00f6mischer Herrschaft <em>(Ralph H\u00e4u\u00dfler)<\/em><\/td>\n<td width=\"5%\">461<\/td>\n<\/tr>\n<tr>\n<td width=\"93%\">Vera Sauer, Religi\u00f6ses in der politischen Argumentation der sp\u00e4ten r\u00f6mischen Republik. Ciceros Erste Catilinarische Rede. Eine Fallstudie <em>(Jan Timmer)<\/em><\/td>\n<td width=\"5%\">465<\/td>\n<\/tr>\n<tr>\n<td width=\"93%\">Christoph Lundgreen, Regelkonflikte in der r\u00f6mischen Republik. Geltung und Gewichtung von Normen in politischen Entscheidungsprozessen <em>(Monika Bernett)<\/em><\/td>\n<td width=\"5%\">466<\/td>\n<\/tr>\n<tr>\n<td width=\"93%\">Stephen Mitchell und David French (Hrsg.), The Greek and Latin Inscriptions of Ankara (Ancyra), Band\u00a0I. From Augustus to the end of the third century AD <em>(Werner Eck)<\/em><\/td>\n<td width=\"5%\">470<\/td>\n<\/tr>\n<tr>\n<td width=\"93%\">Rainer Wiegels, Kleine Schriften zur Epigraphik und Milit\u00e4rgeschichte der germanischen Provinzen <em>(<\/em><em>Patrice Faure)<\/em><\/td>\n<td width=\"5%\">477<\/td>\n<\/tr>\n<tr>\n<td width=\"93%\">Werner Eck, Monument und Inschrift. Gesammelte Aufs\u00e4tze zur senatorischen Repr\u00e4sentation der Kaiserzeit <em>(Peter Herz)<\/em><\/td>\n<td width=\"5%\">479<\/td>\n<\/tr>\n<tr>\n<td width=\"93%\">Mih\u00e1ly Lor\u00e1nd D\u00e9szpa, Peripherie-Denken. Transformation und Adaptation des Gottes Silvanus in den Donauprovinzen (1.\u20134. Jahrhundert n.\u00a0Chr.) <em>(Ralph H\u00e4u\u00dfler)<\/em><\/td>\n<td width=\"5%\">481<\/td>\n<\/tr>\n<tr>\n<td width=\"93%\">Jens Gering, Domitian, dominus et deus? Herrschafts- und Machtstrukturen im R\u00f6mischen Reich zur Zeit des letzten Flaviers <em>(Andreas Klingenberg)<\/em><\/td>\n<td width=\"5%\">484<\/td>\n<\/tr>\n<tr>\n<td width=\"93%\">Patrick S\u00e4nger, Veteranen unter den Severern und fr\u00fchen Soldatenkaisern. Die Dokumentensammlungen der Veteranen Aelius Sarapammon und Aelius Syrion <em>(Gabriele Wesch-Klein)<\/em><\/td>\n<td width=\"5%\">486<\/td>\n<\/tr>\n<tr>\n<td width=\"93%\">Peter Franz Mittag, R\u00f6mische Medaillons. Caesar bis Hadrian <em>(Bernhard Weisser)<\/em><\/td>\n<td width=\"5%\">488<\/td>\n<\/tr>\n<tr>\n<td width=\"93%\">Yann Le Bohec, Das r\u00f6mische Heer in der Sp\u00e4ten Kaiserzeit <em>(Bernhard Palme)<\/em><\/td>\n<td width=\"5%\">490<\/td>\n<\/tr>\n<tr>\n<td width=\"93%\">Uta von Freeden, Herwig Friesinger und Egon Wamers (Hrsg.), Glaube, Kult, Herrschaft. Ph\u00e4nomene des Religi\u00f6sen im 1.\u00a0Jahrtausend n.\u00a0Chr. Akten des 59. Internationalen Sachsensymposiums und der Grundprobleme der fr\u00fchgeschichtlichen Entwicklung im Mitteldonauraum <em>(Ralph H\u00e4u\u00dfler)<\/em><\/td>\n<td width=\"5%\">492<\/td>\n<\/tr>\n<tr>\n<td width=\"93%\">Detlef Liebs, Hofjuristen der r\u00f6mischen Kaiser bis Justinian <em>(Ulrich Lambrecht)<\/em><\/td>\n<td width=\"5%\">495<\/td>\n<\/tr>\n<tr>\n<td width=\"93%\">Friedrich Anders, Flavius Ricimer. Macht und Ohnmacht des westr\u00f6mischen Heermeisters in der zweiten H\u00e4lfte des 5. Jahrhunderts <em>(Wolfgang Kuhoff)<\/em><\/td>\n<td width=\"5%\">497<\/td>\n<\/tr>\n<tr>\n<td width=\"93%\"><strong>Sp\u00e4tantike, Fr\u00fches Mittelalter, Mittelalter<\/strong><\/td>\n<td width=\"5%\"><strong>\u00a0<\/strong><\/td>\n<\/tr>\n<tr>\n<td width=\"93%\">Ralf Behrwald und Christian Witschel (Hrsg.), Rom in der Sp\u00e4tantike. Historische Erinnerung im st\u00e4dtischen Raum <em>(<\/em><em>Massimiliano Papini)<\/em><\/td>\n<td width=\"5%\">507<\/td>\n<\/tr>\n<tr>\n<td width=\"93%\">Arnold Esch, Zwischen Antike und Mittelalter. Der Verfall des r\u00f6mischen Stra\u00dfensystems in Mittelitalien und die Via Amerina <em>(<\/em><em>Cornelis van Tilburg)<\/em><\/td>\n<td width=\"5%\">511<\/td>\n<\/tr>\n<tr>\n<td width=\"93%\">Titus A.\u00a0S.\u00a0M. Panhuysen (Hrsg.), Transformations in North-Western Europe (AD 300\u20131000). Proceedings of the 60th Sachsensymposium 19.\u201323. September 2009 Maastricht <em>(Sebastian Ristow)<\/em><\/td>\n<td width=\"5%\">514<\/td>\n<\/tr>\n<tr>\n<td width=\"93%\">Hubert Fehr, Germanen und Romanen im Merowingerreich. Fr\u00fchgeschichtliche Arch\u00e4ologie zwischen Wissenschaft und Zeitgeschehen <em>(Volker Bierbrauer)<\/em><\/td>\n<td width=\"5%\">517<\/td>\n<\/tr>\n<tr>\n<td width=\"93%\">Christoph Eger, Sp\u00e4tantikes Kleidungszubeh\u00f6r aus Nordafrika I. Tr\u00e4gerkreis, Mobilit\u00e4t und Ethnos im Spiegel der Funde der sp\u00e4testen r\u00f6mischen Kaiserzeit und der vandalischen Zeit <em>(Sebastian Brather)<\/em><\/td>\n<td width=\"5%\">523<\/td>\n<\/tr>\n<tr>\n<td width=\"93%\">Guido Faccani, Die Dorfkirche St. Gallus in Kaiseraugst\/AG. Die bauliche Entwicklung vom r\u00f6mischen Profangeb\u00e4ude zur heutigen christkatholischen Gemeindekirche <em>(Ronald Kn\u00f6chlein)<\/em><\/td>\n<td width=\"5%\">527<\/td>\n<\/tr>\n<tr>\n<td width=\"93%\">Maren L\u00fcpnitz, Die Chorobergeschosse des K\u00f6lner Domes. Beobachtungen zur mittelalterlichen Bauabfolge und Bautechnik <em>(<\/em><em>Markus Schlicht)<\/em><\/td>\n<td width=\"5%\">531<\/td>\n<\/tr>\n<\/tbody>\n<\/table>\n<p><strong>Zusammenfassungen<\/strong><\/p>\n<p>&nbsp;<\/p>\n<h4 id=\"joachim\"><strong><em>Hans-Eckart Joachim<\/em><br \/>\n<\/strong><\/h4>\n<p><strong>Der Arch\u00e4ologe, Althistoriker und Museumsmann Harald von Petrikovits<br \/>\nEine biografische Skizze<\/strong><\/p>\n<p><strong>\u00a0<\/strong><\/p>\n<p><em>Res\u00fcmee<\/em>. Harald von Petrikovits hat in seinem nahezu hundertj\u00e4hrigen Leben (1911\u20132010) die provinzialr\u00f6mische Forschung weit \u00fcber das Rheinland hinaus ma\u00dfgeblich bestimmt. In \u00d6sterreich aufgewachsen und mit einer hervorragenden Sprachbegabung ausgestattet, wurde er bereits mit zweiundzwanzig Jahren promoviert, trat aber keine Stelle als Lehrer an. Als \u00fcberzeugter Anh\u00e4nger der in \u00d6sterreich verbotenen NSDAP beteiligte er sich 1934 an dem Juliputsch in Wien und K\u00e4rnten, entging einer m\u00f6glichen Verhaftung durch Flucht nach Deutschland und gelangte \u00fcber Frankfurt am Main 1935 an das Rheinische Landesmuseum Bonn. Nach zehnj\u00e4hrigem Kriegseinsatz und russischer Kriegsgefangenschaft von 1939 bis 1949 kehrte er nach Bonn zur\u00fcck und wurde 1958 f\u00fcr f\u00fcnfzehn Jahre Direktor des Landesmuseums. Der Wiederaufbau des Museums von 1967 bis 1969 mit zukunftsweisendem Raumprogramm und die nachfolgenden Ausstellungen, die \u00d6ffentlichkeitsarbeit und die Herausgeberschaft mehrerer Fachpublikationen sowie zahlreiche Grabungen und Landesaufnahmen im Gebiet Nordrhein, aber auch die Lehrt\u00e4tigkeit als Honorarprofessor an der Universit\u00e4t Bonn seit 1961 begr\u00fcndeten seine Reputation als Museumsmann und Forscher. Petrikovits vermochte fast bis zu seinem Tode wissenschaftlich zu arbeiten; sein zusammenfassendes Alterswerk konnte er indes nicht vollenden.<\/p>\n<p>&nbsp;<\/p>\n<p><em>Conclusion<\/em>. In his lifetime of nearly one hundred years (1911\u20132010) Harald von Petrikovits significantly influenced the research concerning the Roman provinces of the Rhenish area and beyond. He grew up in Austria. Talented with excellent skills in learning languages, he earned a doctorate aged twenty-two. A convinced follower of the Nazi Party, at that time banned in Austria, he engaged in the July 1934 coup d\u2019\u00e9tat in Vienna and Carinthia. Fleeing to Germany he avoided to be arrested. After a stay in Frankfurt in 1935 he reached the Rheinisches Landesmuseum in Bonn. In 1949, after ten years of military service and confinement in Russia, he returned to Bonn and in 1958 was appointed the director of the museum, serving it for fifteen years. Some highlights of his reputation among his colleagues and fellow scholars are the museum\u2019s rebuilding (1967\u20131969) with a trendsetting space allocation plan, and the exhibitions following. He also excelled in public relations, editing several scientific journals, activating numerous explorations and archaeological inventories in the Northern Rhine area, and from 1961 onwards teaching as an honorary professor at the university in Bonn. Highly esteemed, he succeeded in doing scientific work nearly up to his death, though he was not able to complete a projected summarizing late oeuvre.<\/p>\n<p>&nbsp;<\/p>\n<p><em>R\u00e9sum\u00e9<\/em>. Durant sa vie qui dura presque cent ans (1911\u20132010), Harald von Petrikovits influen\u00e7a de fa\u00e7on significative la recherche sur les provinces romaines, dans la Rh\u00e9nanie et bien outre. Il grandit en Autriche et, dot\u00e9 d\u2019un grand talent dans l\u2019apprentissage des langues, il devint docteur \u00e0 l\u2019\u00e2ge de vingt-deux ans mais il ne trouva toutefois pas de place d\u2019enseignant. \u00c9tant un adepte convaincu du parti Nazi \u00e0 cette \u00e9poque bannit en Autriche, il s\u2019engagea dans le coup d\u2019\u00e9tat de juillet 1934 \u00e0 Vienne et en Carinthie. Fuyant vers l\u2019Allemagne, il \u00e9vita d\u2019\u00eatre arr\u00eat\u00e9. Apr\u00e8s un s\u00e9jour \u00e0 Francfort en 1935, il rejoignit le Rheinisches Landesmuseum de Bonn. En 1949, apr\u00e8s dix ans de service militaire et de confinement en Russie, il retourna \u00e0 Bonn et, en 1958, il fut nomm\u00e9 directeur du mus\u00e9e auquel il se d\u00e9voua durant quinze ans. Quelques grands faits ont \u00e9tabli sa r\u00e9putation aupr\u00e8s de ses coll\u00e8gues et de ses \u00e9tudiants, tels que la reconstruction du nouveau mus\u00e9e (1967\u20131969) avec un agencement moderne et l\u2019organisation d\u2019expositions. Il excellait \u00e9galement dans les relations publiques. Il \u00e9dita plusieurs revues scientifiques, organisa de nombreuses fouilles et interventions arch\u00e9ologique dans la r\u00e9gion du nord de la Rh\u00e9nanie, et, \u00e0 partir de1961, donna des cours en tant que professeur honoraire \u00e0 l\u2019Universit\u00e9 de Bonn. Tr\u00e8s estim\u00e9, il rencontra un franc succ\u00e8s dans sa carri\u00e8re scientifique jusqu\u2019\u00e0 sa mort. Il ne put cependant jamais terminer la compilation de ses anciens travaux qu\u2019il avait envisag\u00e9 de mener \u00e0 bien.<\/p>\n<p>&nbsp;<\/p>\n<h4 id=\"baales\"><strong><em>Michael Baales, Ingrid Koch und Kathrin Nowak<\/em><\/strong><\/h4>\n<p>Zur mittelneolithischen Landschaftsnutzung im Siegerland<\/p>\n<p><em>Ergebnis<\/em>. Ein kleines Steinartefaktinventar aus Dreis-Tiefenbach (Gem. Netphen, Kr. Siegen- Wittgenstein) ist der bisher fr\u00fcheste Hinweis auf eine saisonale Landnutzung des Siegerlandes w\u00e4hrend des Neolithikums. Die Steinartefaktformen wie auch die verwendeten Rohmaterialien \u2013 die westeurop\u00e4ischen Feuersteinvariet\u00e4ten Rijckholt, Rullen und Silex de Hesbaye beziehungsweise hellgrauer belgischer Feuerstein \u2013 belegen zum einen Kontakte in benachbarte, bekannte neolithische Landschaften und datieren das Inventar zum anderen in das Mittelneolithikum. Aufgrund des hohen Anteils an baltischem Feuerstein ist die Herkunft der Menschen in der n\u00f6rdlich gelegenen Hellwegb\u00f6rde zu suchen, wo mittelneolithische Siedlungskammern bekannt sind. Die Gr\u00fcnde f\u00fcr die Expeditionen der Menschen in das bergige Siegerland d\u00fcrften vielf\u00e4ltig gewesen sein, darunter vielleicht auch die Gewinnung von H\u00e4matit, der auf dem Fundplatz in Form stark abgeriebener St\u00fccke aufgelesen wurde und im Siegerland ansteht.<\/p>\n<p>&nbsp;<\/p>\n<p><em>Conclusion<\/em>. A small lithic assemblage from Dreis-Tiefenbach (Netphen com., district Siegen- Wittgenstein) is the earliest clue so far for a seasonal land use of the Siegerland uplands (situated some eighty kilometres east of Cologne) during the Neolithic. The typology as well as the used raw materials \u2013 among them the Western European flint varieties Rijckholt, Rullen, and silex de Hesbaye or light-gray Belgian Flint \u2013 are evidence for contacts into already well established Neolithic regions and date the assemblage to the Middle Neolithic. Due to a high proportion of Baltic flint the Siegerland may have been visited by people from the Hellwegb\u00f6rde situated to the North where Middle Neolithic settlements are well known. The reasons for the expeditions of Middle Neolithic groups into the mountainous Siegerland may have been diverse, including perhaps the exploitation of local hematite sources as attested by heavily abraded pieces of hematite collected at the Dreis-Tiefenbach site.<\/p>\n<p>&nbsp;<\/p>\n<p><em>R\u00e9sum\u00e9<\/em>. Un petit assemblage d\u2019artefacts lithiques en provenance de Dreis-Tiefenbach (commune de Netphen, Kr. Siegen-Wittgenstein) constitue l\u2019indice le plus ancien pour une occupation saisonni\u00e8re du Siegerland (situ\u00e9 \u00e0 environ quatre-vingt kilom\u00e8tres \u00e0 l\u2019est de Cologne) durant le N\u00e9olithique. Les types d\u2019artefacts ainsi que les mati\u00e8res premi\u00e8res utilis\u00e9es (variante de silex originaire d\u2019Europe de l\u2019Ouest, Rijckholt, Rullen et silex de Hesbaye o\u00f9 silex belge de couleur gris clair) constituent la preuve de liens \u00e9troits avec d\u2019autres groupes n\u00e9olithiques et permettent de ranger la s\u00e9rie dans le N\u00e9olithique moyen. En raison de la part importante de silex erratique en provenance de la Baltique, une origine nordique aux alentours de Hellwegb\u00f6rde o\u00f9 d\u2019autres occupations du N\u00e9olithique moyen ont \u00e9t\u00e9 identifi\u00e9es, est probable. Les raisons pour lesquelles les hommes se sont aventur\u00e9s dans le Siegerland plus montagneux sont multiples. La pr\u00e9sence d\u2019h\u00e9matite n\u2019y est pas \u00e9trang\u00e8re, d\u2019autant que certains fragments utilis\u00e9s ont \u00e9t\u00e9 d\u00e9couverts sur le gisement.<\/p>\n<p>&nbsp;<\/p>\n<h4 id=\"grewe\"><strong><em>Klaus Grewe<\/em><\/strong><\/h4>\n<p>Die Ziegelmarken am Aqu\u00e4dukt von Minturnae<\/p>\n<p>Res\u00fcmee. Die H\u00f6henlage r\u00f6mischer Br\u00fccken war \u2013 wie auch der Baulosgrenzen und sonstigen Fixpunkte \u2013 bei der Grundlagenvermessung zur Festlegung der Trasse durch ein Nivellement mit dem Chorobat bestimmt und zwar vor der Gef\u00e4lleabsteckung f\u00fcr den Ausbau des Specus, die durch Austafeln erfolgte. Die Tal\u00fcberquerung eines Aqu\u00e4duktes bestand zum einen aus dem Unterbau, also dem Bauwerksteil, das im Normalfall alle Elemente des Br\u00fcckenbaus enthielt: Gr\u00fcndung, Pfeiler, B\u00f6gen und Ausgleichsschicht. Beim nachr\u00fcckenden Ausbau des Specus wurde dann die wasserf\u00fchrende Rinne auf der Br\u00fccke verlegt. Um H\u00f6henabweichungen ausgleichen zu k\u00f6nnen, hatte man sich gen\u00fcgend Spielraum gelassen, denn das Verfahren funktionierte nur, wenn man mit dem Specus zu hoch auf die vorweg gebauten Br\u00fccken traf. Diesem Verfahren der Arbeitsteilung kam allerdings zugute, dass man das Gef\u00e4lle der Wasserleitungen nicht mittels eines geometrischen Nivellements, sondern nach der Methode des \u203aAustafelns\u2039 abgesteckt hatte. Durch dieses spezielle Verfahren, bei dem man sich mit der Gef\u00e4llelinie auf der Tangente zur Erdkr\u00fcmmung bewegte, ergab sich der erforderliche Spielraum zwangsl\u00e4ufig. Unter diesen Gesichtspunkten sind in den Ziegelmarken am Aqu\u00e4dukt von Minturnae Markierungen einer Trennlinie zwischen zwei Baugewerken f\u00fcr die Bauabrechnung zu sehen.<\/p>\n<p>Resum\u00e9. Il livello dei ponti romani \u2013 cos\u00ec come anche la definizione dei singoli lotti di lavoro ed altri punti fissi di riferimento \u2013 veniva definito, nel corso della misurazione di base per la definizione del tracciato, mediante il rilevamento di quote di livello con il corobate. Questa operazione precedeva quella della definizione della pendenza necessaria alla costruzione dello specus, definita a sua volta mediante la procedura dell\u2019\u00bbAustafeln\u00ab. Essa consisteva in una sorta di picchettatura, per procedere alla quale erano necessari due punti altimetrici di partenza, e tre grandi picchetti a forma di T, per riportare sul tratto successivo in pendenza i punti di riferimento di tale picchettatura. Il superamento di una valle da parte di un acquedotto richie 49 deva da un lato una sottostruttura, ovvero la parte di cui consiste l\u2019opera edilizia vera e propria: fondamenta, pilastri, archi e strato di livellamento. Al procedere dello scavo per la canalizzazione dell\u2019acqua veniva posta sul ponte la conduttura dell\u2019acqua stessa. Per livellare delle discontinuit\u00e0 di altitudine si era lasciato in partenza un margine di gioco, visto che tutta la procedura ha successo, solo se lo specus si trova in posizione pi\u00f9 alta rispetto al ponte gi\u00e0 costruito in precedenza. Per questa suddivisione delle fasi del lavoro \u2013 prima il ponte, poi lo specus \u2013 tornava comunque utile il fatto che la pendenza del condotto d\u2019acqua veniva definita non da quote di livello di tipo geometrico, bens\u00ec dall\u2019applicazione del metodo dell\u2019\u00bbAustafeln\u00ab. Grazie a questo particolare procedimento, nel corso del quale ci si muoveva con la linea di pendenza sulla tangente della curva terrestre, risultava necessariamente quel gioco necessario alla riuscita dell\u2019opera. I contrassegni in laterizio dell\u2019acquedotto di Minturnae sono quindi da interpretare come elementi divisori tra due lotti, funzionali alla suddivisione dei conti.<\/p>\n<p>Conclusion. The levels of the Roman bridges \u2013 as well as the alignment sections and other fixed points \u2013 were determined through levelling with the chorobate during the survey of the subgrade. Then the level differences for the construction of the specus were plate-staked. An aqueduct crossed a valley on a fundament which normally comprised all the elements of bridging, i. e. substructure, piers, arches, and equalising layers. In the succeeding construction of the specus the flume to carry the water was placed on the bridge. The specus had to meet the prepared bridge from a level too high in order to allow equalising level difference, which demanded enough space beforehand. This demand was met by the method of plate-staking instead of geodetic levelling the decline of the flume. In consequence to this special method the necessary space ensued, as the line of decline followed the tangent to the earth curvature. Therefore the brick marks of the aqueduct of Minturnae have to be regarded as marking the parting line between two construction lots for the bill of costs.<\/p>\n<p>&nbsp;<\/p>\n<h4 id=\"fiedler\"><strong><em>Manuel Fiedler und Constanze H\u00f6pken<\/em><\/strong><\/h4>\n<p>Wandmalereifunde aus dem r\u00f6mischen Vicus in Bonn<\/p>\n<p>Ergebnis. Au\u00dfergew\u00f6hnlich qualit\u00e4tvolle r\u00f6mische Wandmalereien aus einem im letzten Drittel des ersten Jahrhunderts dekorierten Raum wurden in den neunziger Jahren im Bonner Vicus gefunden, und zwar auf dem Gel\u00e4nde, wo das Haus der Geschichte der Bundesrepublik Deutschland entstand. Sie geh\u00f6rten zur Ausstattung eines Holzgeb\u00e4udes, das vermutlich eine Sonderstellung innerhalb der Siedlung besa\u00df. Abdr\u00fccke auf den R\u00fcckseiten der Putzfragmente erlauben eine sehr genaue Rekonstruktion der beiden W\u00e4nde. Die eine ist durch einfache, in den Details der Kandelaber mit nur zwei Farbt\u00f6nen ausgef\u00fchrte Malerei charakterisiert, die andere durch detailreichere Gestaltung. Beide zeigen eine gleichartige Abfolge gerahmter roter Panneaus auf schwarzem Grund. Die Lisenen f\u00fcllt je ein Kandelaber, ebenso wie der Fries tragen sie kleinteilige fig\u00fcrliche und pflanzliche Schmuckelemente. Die Dekoration f\u00fcgt sich in die Wandmalerei der Nordwestprovinzen des ersten nachchristlichen Jahrhunderts ein und bezeugt die hohe Qualit\u00e4t der Geb\u00e4udeausgestaltung im Bonner Vicus.<\/p>\n<p>Resum\u00e9. Negli anni Novanta furono trovati frammenti di pitture parietali di alta qualit\u00e0 nel vicus di Bonn, e precisamente nella zona, su cui successivamente sorse la Casa della Storia della Repubblica Federale Tedesca. Essi decoravano una stanza di una casa in legno, che all\u2019interno dell\u2019insediamento doveva essere di particolare rango. Le impronte sulla parte posteriore dei frammenti d\u2019intonaco consentono di ricostruire abbastanza precisamente il raggruppamento dei frammenti. Essi facevano parte di due pareti distinte, l\u2019una pi\u00f9 semplice con i particolari dei candelabri dipinte in tecnica a due colori, l\u2019altra istoriata in modo pi\u00f9 dettagliato. Entrambi mostrano una successione di pannelli rossi su fondo nero. Le lesene sono dominate ciascuna da motivi a candelabro e presentano, cos\u00ec come anche il fregio, dettagli figurati e floreali. La decorazione si inserisce bene nelle correnti conosciute della pittura parietale delle province nord-occidentali e testimoniano la buona qualit\u00e0 della decorazione interna degli edifici nel vicus di Bonn.<\/p>\n<p>Conclusion. Exceptional wall paintings of high quality in a room decorated in the last third of the first century AD were found in the Bonn vicus, at the site of the House of the History of the Federal Republic of Germany. They belonged to a wooden building of a presumably special character in the settlement. The imprints on the reverse of plastering fragments allow a proper reconstruction of both walls found. One of them is characterised by plain painting of the candelabra in two colours, the other by a finishing richer in detail, both showing a similar series of framed red panneaux on black background. The pilaster strips are each decorated with a candelabrum and \u2013 as well as the frieze \u2013 detailed human and animal figures standing on umbrellas, and vegetable ornaments. This ornamentation corresponds to the wall paintings in the north-western Roman provinces of the first century A. D. and testifies the high quality of the Bonn vicus\u2019 furnishings.<\/p>\n<p>R\u00e9sum\u00e9. Pendant des fouilles arch\u00e9ologiques dans les ann\u00e9es nonante on a trouv\u00e9 dans le Vicus de Bonn \u2013 dans le domaine de la Maison de l\u2019Histoire de la R\u00e9publique f\u00e9d\u00e9rale d\u2019Allemagne \u2013 les peintures murales romaines exceptionnellement \u00e9lev\u00e9s. Ils faisaient partie de l\u2019\u00e9quipement d\u2019un b\u00e2timent en bois, ce qui a probablement eu une place sp\u00e9ciale dans la colonie. Empreintes de pas sur le dos des fragments permettent une reconstruction des deux murs tr\u00e8s pr\u00e9cise. Un mur est caract\u00e9ris\u00e9 par simple peinture r\u00e9alis\u00e9e dans les d\u00e9tails avec seulement deux teintes. L\u2019autre paroi contient la version plus d\u00e9taill\u00e9e. Tous deux montrent une s\u00e9quence similaire de panneaux rouges encadr\u00e9s sur un fond noir. Les l\u00e9s\u00e8nes sont orn\u00e9s de cand\u00e9labres, figures des hommes et des animaux sur un bouclier mais aussi avec ornements floraux. Les peintures correspondent bien avec les peintures murales des provinces du nordouest du premier si\u00e8cle apr\u00e8s J.-C. Ils montrent la grande qualit\u00e9 d\u2019\u00e9quipement du b\u00e2timent dans le Vicus de Bonn.<\/p>\n<p>&nbsp;<\/p>\n<h4 id=\"sommer\"><strong><em>Sebastian C. Sommer<\/em><\/strong><\/h4>\n<p>Zur Rekonstruktion der Basilika von Ladenburg<br \/>\nKritische Fragen zu neuen Forschungen<\/p>\n<p>Res\u00fcmee. Lopodunum (Ladenburg), der Hauptort der Civitas Ulpia Sueborum Nicrensium wurde baulich von einem mehr als einen Hektar gro\u00dfen Forum-Basilika-Komplex dominiert. Seit einhundert Jahren wird diskutiert, ob die Basilika je fertig gestellt wurde und um welchen Bautyp es sich handelt. Auf der Grundlage einer detaillierten und ausf\u00fchrlichen Befundbeschreibung setzt sich Johannes Eingartner damit auseinander. Er legt dar, dass nicht nur die Nebenr\u00e4ume des Gro\u00dfbaus und das anschlie\u00dfende Forum einer Nutzung zugef\u00fchrt waren, sondern auch die dreischiffige Basilika. Dies ist jedoch keinesfalls sicher. Innerhalb der Basilika rekonstruiert Eingartner umlaufende doppelgeschossige S\u00e4uleng\u00e4nge nach Art eines Peristyls mit Pilastern entlang der Au\u00dfenw\u00e4nde. Dagegen sprechen verschiedene Details und Unstimmigkeiten der Ma\u00dfe. Auch nach der vollst\u00e4ndigen Vorlage der Befunde wird man weiterhin von der Nichtfertigstellung und der M\u00f6glichkeit einer geplanten Pfeilerbasilika ausgehen m\u00fcssen.<\/p>\n<p>Conclusion. Lopodunum (Ladenburg), the main settlement of the Civitas Ulpia Sueborum Nicrensium was dominated by the complex of forum and basilica, extending over more than a hectare in space. For a hundred years there has been discussion whether the basilica was ever finished and dispute about its type. Johannes Eingartner deals with these problems on the basis of a detailed and comprehensive description of the excavation. He states, that not only the side rooms and adjacent forum were in use but also the three aisled basilica. For the basilica\u2019s interior Eingartner reconstructs surrounding double storied corridors with columns like a peristyle and pilasters along the outer walls. This is countered by various opposing details and inappropriate measurements. Therefore, even after the complete presentation of all features we have to assume the building as planned to be supported by attached columns, but left unfinished.<\/p>\n<p>R\u00e9sum\u00e9. Lopodunum (Ladenburg), le chef-lieu de la Civitas Ulpia Sueborum Nicrensium \u00e9tait domin\u00e9 par l\u00b4architecture du complexe forum-basilique dont la surface d\u00e9passait un hectare. Depuis plus que cent ans l\u00b4ach\u00e8vement et la typologie architecturale de la basilique sont discut\u00e9s. Johannes Eingartner cro\u00eet pouvoir livrer des r\u00e9ponses explicites: non seulement les salles adjacentes du b\u00e2timent public et du forum avoisinant \u00e9taient en fonction, mais aussi la basilique \u00e0 trois nefs. Or ces interpr\u00e9tations sont loin d\u2019\u00eatre certaines. Selon Eingartner l\u00b4int\u00e9rieur de la basilique \u00e9tait compos\u00e9 d\u00b4une nef centrale entour\u00e9e de colonnades de deux \u00e9tages rappelant l\u00b4architecture d\u00b4un p\u00e9ristyle et d\u00e9cor\u00e9 de pilastres le long des murs ext\u00e9rieurs. S\u2019y opposent de multiples d\u00e9tails et la divergence des dimensions architecturales de la documentation soumise, \u00e0 minimiser ou \u00e0 ignorer l\u00b4ampleur des d\u00e9tails contradictoires. Ainsi, m\u00eame apr\u00e8s la publication int\u00e9grale des structures, la basilique semble \u00eatre rest\u00e9e inachev\u00e9e et la conception d\u00b4une basilique \u00e0 piliers reste probable.<\/p>\n<p>&nbsp;<\/p>\n<h4 id=\"komp\"><strong><em>Jennifer Komp<\/em><\/strong><\/h4>\n<p>Wiederentdeckung im Depot<br \/>\nAusgew\u00e4hlte Funde der Grabung Egon Gersbach im Bonner Legionslager<\/p>\n<p>Res\u00fcmee. In den Jahren 2009 bis 2011 wurden mehr als 160.000 Fundst\u00fccke der bisher gr\u00f6\u00dften Ausgrabung im Bonner Legionslager inventarisiert, die seit 1960 weitgehend unbeachtet im Depot des Landesmuseums lagerten. Dabei kamen einige interessante Objekte zum Vorschein, die selbst ohne die bisher noch ausstehende detaillierte Auswertung der Grabungsbefunde wichtige Hinweise auf das Leben innerhalb des Lagers geben, manche k\u00f6nnen sogar dar\u00fcber hinaus f\u00fcr die Interpretation der r\u00f6mischen Sachkultur im Allgemeinen von Bedeutung sein. Einige davon sollen im Rahmen dieses Aufsatzes bekannt gemacht und so ihre Einbeziehung in weiterf\u00fchrende Forschungen erm\u00f6glicht werden.<\/p>\n<p>Summary. Between 2009 and 2011, more than 160.000 finds from the most extensive excavation of the Roman legionary fortress in Bonn were inventoried, after they had been stored without further attention in the depot of the Landesmuseum since 1960. This process brought out some interesting objects that can give important hints as to daily life inside the fortress, or even for the interpretation of the Roman material culture in general, although a detailed analysis of the excavation features is still missing. Some finds shall be published within the scope of this article so that they can be included in further research.<\/p>\n<p>R\u00e9sum\u00e9. Entre les ann\u00e9es 2009 et 2011, plus de 160.000 d\u00e9couvertes provenant de la plus ample fouille du camp l\u00e9gionnaire romaine \u00e0 Bonn \u00e9taient inventori\u00e9es. Ces derni\u00e8res \u00e9taient emmagasin\u00e9es sans attention particuli\u00e8re dans le d\u00e9p\u00f4t du Landesmuseum depuis 1960. Ce processus a permis de mettre au jour quelques objets int\u00e9ressants qui peuvent livrer d\u2019importants indices sur la vie quotidienne \u00e0 l\u2019int\u00e9rieur de la fortification, ainsi que sur l\u2019interpr\u00e9tation de la culture mat\u00e9rielle romaine en g\u00e9n\u00e9ral, et ce bien qu\u2019il manque encore une analyse d\u00e9taill\u00e9e de la fouille. Quelques-unes de ces d\u00e9couvertes seront publi\u00e9es dans le cadre de cet article, ce qui permettra de les prendre en consid\u00e9ration pour les futures recherches.<\/p>\n<p>&nbsp;<\/p>\n<h4 id=\"brueggler\"><strong><em>Marion Br\u00fcggler, Christiane Dirsch, Michael Drechsler, Roland Schwab und Frank Willer<\/em><\/strong><\/h4>\n<p>Ein r\u00f6mischer Schienenarmschutz aus dem Auxiliarlager Till-Steincheshof<br \/>\nund die Messingherstellung in der r\u00f6mischen Kaiserzeit<\/p>\n<p>Res\u00fcmee. Im Rahmen von Suchschnitten im j\u00fcngst entdeckten r\u00f6mischen Auxiliarkastell Till- Steincheshof am Niederrhein wurde ein Schienenarmschutz aus Messing geborgen. Er befand sich in einer Schicht, die durch das Einplanieren einer Mannschaftsbaracke entstanden war und in das letzte Drittel des ersten oder ersten Drittel des zweiten Jahrhunderts zu datieren ist. Insgesamt sind noch achtzehn Schienen weitgehend im Verband erhalten; urspr\u00fcnglich muss die Manica, wie Vergleiche nahelegen, jedoch l\u00e4nger gewesen sein. Die einzelnen Schienen waren wahrscheinlich mittels Nieten auf Lederstreifen befestigt. Vom Gebiet des r\u00f6mischen Reiches sind bislang nur zwei weitere Manicae aus Messing bekannt, die in den Kastellen Newstead und Corbridge in Gro\u00dfbritannien gefunden wurden, w\u00e4hrend die meisten erhaltenen Exemplare aus Eisen bestehen. Das Material der Bleche aus Till-Steincheshof entspricht heutigen technischen Legierungen, n\u00e4mlich aus niedriglegiertem \u03b1-Messing, also einer sogenannten Tombaklegierung. Tombak oder Sondermessing zeichnet sich durch gute Kaltverformbarkeit, Biegefestigkeit und Korrosionsbest\u00e4ndigkeit aus, Eigenschaften, die f\u00fcr eine Manica notwendig sind.<\/p>\n<p>Conclusion. During excavations in the recently discovered auxiliary camp of Till-Steincheshof on the Lower Rhine (Germany), part of an articulated armguard made of copper alloy came to light. It was embedded in the levelling layer of a barrack dated to the last third of the first to the first third of the second century. In all eighteen plates were preserved more or less in their original position, but more seem to have been there once. Parallel finds suggest that about thirty to thirty-five plates originally constituted a complete armguard. The plates were fixed by rivets, presumably on since decayed leather straps. Only two further copper alloy manicae have been known so far, from Newstead and Corbridge, several others are made of iron plates. The plates are made of red brass. This alloy has several features that make it suitable for an armguard: good formability when cold, good flexibility and resistance to corrosion.<\/p>\n<p>R\u00e9sum\u00e9. Dans le cadre des fouilles men\u00e9es dans le camp auxiliaire de Till-Steincheshof r\u00e9cemment d\u00e9couvert dans le Bas-Rhin (Allemagne), une partie d\u2019une protection de bras articul\u00e9e (manica) a de bronze \u00e9t\u00e9 d\u00e9couverte. Elle \u00e9tait incrust\u00e9e dans le niveau de couche d\u2019une caserne dat\u00e9e entre le dernier tiers du premier et le premier tiers du second si\u00e8cle. Dix-huit plaques ont \u00e9t\u00e9 d\u00e9couvertes dans leur position presque originale mais il dut y en avoir plus. D\u2019autres parall\u00e8les sugg\u00e8rent qu\u2019environ trente \u00e0 trente-cinq plaques constituaient \u00e0 l\u2019origine une manica compl\u00e8te. Les plaques \u00e9taient fix\u00e9es \u00e0 l\u2019aide de rivets, probablement sur des lani\u00e8res de cuir aujourd\u2019hui d\u00e9truites. Bien que seules deux autres manicae de bronze \u2013 provenant de Newstead et de Corbridge \u2013 soient connues, plusieurs autres ont \u00e9t\u00e9 fabriqu\u00e9es avec des plaques de fer. Les plaques \u00e9taient vraisemblablement fabriqu\u00e9es en laiton, \u00e0 l\u2019aide d\u2019un alliage d\u2019\u03b1-laiton ou de tombac. Ces alliages ont plusieurs propri\u00e9t\u00e9s qui les rendent appropri\u00e9s pour une manica: ils poss\u00e8dent une bonne mall\u00e9abilit\u00e9 \u00e0 froid, une bonne flexibilit\u00e9 et une r\u00e9sistance \u00e0 la corrosion.<\/p>\n<p>&nbsp;<\/p>\n<h4 id=\"rothenhoefer\"><strong><em>Peter Rothenh\u00f6fer und Julian Hollaender<\/em><\/strong><\/h4>\n<p>Eine Inschrift Kaiser Julians aus der Germania secunda<\/p>\n<p>Ergebnis. In den Jahren 1924\/25 wurde im Ortsteil Bachem von Bad Neuenahr-Ahrweiler ein sekund\u00e4r verbauter Inschriftenstein entdeckt. Das St\u00fcck ist heute verschollen und der Text durch eine Abschrift \u00fcberliefert. Es handelt sich um eine kaiserliche Bauinschrift aus den ersten Wochen des Jahres 360 n. Chr. Als Bauherr erscheint der Caesar Julian, der zugleich wohl als \u00bbrestitutor orbis adque felicitatis temporum reparator\u00ab genannt gewesen sein d\u00fcrfte. Obwohl Julian f\u00fcnf Jahre lang in Gallien und den germanischen Provinzen wirkte und die r\u00f6mische Ordnung nach den Einf\u00e4llen der Franken und Alamannen wiederherstellte, war aus diesem Raum bislang keine Inschrift f\u00fcr ihn bekannt. Die Inschrift dokumentiert m\u00f6glicherweise das durch den Chronisten Ammianus Marcellinus \u00fcberlieferte Bauprogramm Julians im Winter 359\/360 zur Sicherung der r\u00f6mischen Herrschaft im Rheinland.<\/p>\n<p>Conclusion. During works in the St. Anna Chapel of Bachem, district of Bad Neuenahr &#8211; Ahrweiler, in 1924\/25, a stone with Latin inscription was discovered. The stone is lost, but a transcription of the text has been preserved. It is an imperial building inscription of the Caesar Julian set up shortly before his proclamation as Augustus by his troops in February 360. Caesar Julian was very probably mentioned as \u00bbrestitutor orbis adque felicitatis temporum reparator \u00ab. There are not many inscriptions referring to the Caesar Julian and none of them was set up in his domain in the Gallic provinces during the five years of his struggle against invading Germanic tribes. This unique example probably illustrates the building program of Julian in the winter 359\/360, which was a highly important part of restoring the Roman rule on the left bank of the Rhine.<\/p>\n<p>R\u00e9sum\u00e9. Les travaux men\u00e9s en 1924\/25 dans la chapelle Sainte Anna du quartier de Bachem, \u00e0 Bad Neuenahr &#8211; Ahrweiler, mirent au jour une pierre portant une inscription latine. Le support est aujourd\u2019hui perdu, mais on a conserv\u00e9 une transcription du texte. Il s\u2019agit d\u2019une inscription \u00e0 caract\u00e8re \u00e9dilitaire, datant des premi\u00e8res semaines de l\u2019ann\u00e9e 360 ap. J.-C. Le texte pourrait pr\u00e9senter le C\u00e9sar Julien comme \u00bbrestitutor orbis adque felicitatis temporum reparator\u00ab. Bien que Julien ait, pendant cinq ans, combattu en Gaule et dans les provinces germaniques pour r\u00e9tablir l\u2019ordre romain contre les incursions des Francs et des Alamans, aucune inscription le mentionnant n\u2019\u00e9tait encore attest\u00e9e dans ces r\u00e9gions. Cette nouvelle inscription illustre probablement le programme \u00e9dilitaire de Julien pendant l\u2019hiver 359\/360, qui participa au renforcement de l\u2019autorit\u00e9 romaine sur la rive gauche du Rhin.<\/p>\n<p>Resum\u00e9. Tra il 1924 ed il 1925 fu scoperta a Bad Neuenahr &#8211; Ahrweiler, in localit\u00e0 Bachem, un\u2019iscrizione romana su pietra, reimpiegata in un contesto architettonico. Il reperto \u00e8 oggi scomparso, ma ne \u00e8 stata tramandata una copia, di lettura problematica. Si tratta forse dell\u2019iscrizione dedicatoria di un edificio, risalente alle prime settimane del 360 d. C. Committente dei lavori \u00e8 il Cesare Giuliano l\u2019Apostata. L\u2019esatta titolatura \u00e8 forse \u00bbrestitutor orbis adque felicitatis temporum reparator\u00ab. Per quanto Giuliano sia stato attivo per ben cinque anni sia in Gallia che nelle provincie germaniche ed avesse ripristinato l\u2019ordine romano, dopo le incursioni di Franchi ed Alemanni, non si conosceva finora alcuna iscrizione su di lui proveniente da questa zona. Questa in discussione \u00e8 probabilmente il documento tangibile di quel programma edilizio attivato da Giuliano nell\u2019inverno del 359\/360, con lo scopo di mettere in sicurezza il dominio romano in Renania, e di cui riferisce anche il cronista Ammiano Marcellino.<\/p>\n<p>&nbsp;<\/p>\n<h4 id=\"ruediger\"><strong><em>Wolf-R\u00fcdiger Teegen<\/em><\/strong><\/h4>\n<p>Zu einer Ringfibel mit Fu\u00dfplatte und beidseitigen stilisierten Tierk\u00f6pfen aus Heimbach-Vlatten<\/p>\n<p>Res\u00fcmee. Ein im vorhergehenden Band der Bonner Jahrb\u00fccher (210\/211, 2010\/2011, 525 Abb. 2) publiziertes Bronzeobjekt aus Heimbach-Vlatten, Kr. D\u00fcren, geh\u00f6rt zu einer Ringfibel mit Fu\u00dfplatte und beidseitigen stilisierten Tierk\u00f6pfen. Es ist erst der zweite Fund derartiger Ringfibeln in den Rheinlanden (Provinzen Gallia belgica und Germania inferior). Derartige St\u00fccke sind vor allem im mittleren Donauraum sowie aus dem \u00f6stlichen Norditalien bekannt, und zwar aus dem sp\u00e4ten dritten und vierten nachchristlichen Jahrhundert. Die Ringfibel k\u00f6nnte mit einem Milit\u00e4rangeh\u00f6rigen (aktiver Soldat, Veteran) oder einem Zivilisten (Beamter, H\u00e4ndler) oder als Souvenir aus Pannonien in die K\u00f6lner Bucht gelangt sein.<\/p>\n<p>Conclusion. In the last issue of the Bonner Jahrb\u00fccher (210\/211, 2010\/2011, 525 fig. 2) a bronze object from Heimbach-Vlatten near D\u00fcren was published, a part of a penannular brooch with foot plate and stylized animal heads. It is only the second find in the Rhineland (provinces of Gallia belgica and Germania inferior) of such a brooch. Those are mainly found in the middle Danube area and in north-eastern Italy. There, they belong to the late third and fourth century A. D. This brooch could have reached the area between today Cologne and Aix-la-Chapelle with a military person (active soldier, veteran) or a civilian (official, merchant). Also a souvenir from Pannonia seems possible.<\/p>\n<p>R\u00e9sume. Nell\u2019ultimo numero dei Bonner Jahrb\u00fccher (210\/211, 2010\/2011, 525 fig. 2) \u00e8 stato pubblicato un oggetto bronzeo da Heimbach-Vlatten vicino a D\u00fcren. Il manufatto faceva parte di una fibula ad anello con staffa decorata da entrambi i lati con protome animale stilizzata. Il sito \u00e8 il secondo nell\u2019area renana (provincie Gallia belgica e Germania inferior), in cui siano state rinvenute fibule di questo genere. Tali oggetti si trovano per lo pi\u00f9 lungo il medio corso del Danubio e nell\u2019Italia nordorientale, in contesti datati al tardo terzo e quarto secolo d. C. La nostra fibula \u00e8 finita tra Colonia e Aquisgrana probabilmente grazie ad esponente del corpo militare (soldato attivo, veterano) o civile (funzionario statale, commerciante). Potrebbe trattarsi anche di un \u203aricordino\u2039 (souvenir) dalla Pannonia.<\/p>\n<p>\u00d6sszefoglal\u00e1s. A Bonner Jahrb\u00fccher legut\u00f3bbi sz\u00e1m\u00e1ban (210\/211, 2010\/2011, 525 fig. 2), a D\u00fcrenhez k\u00f6zeli, Heimbach-Vlattenb\u0151l lett k\u00f6zz\u00e9 t\u00e9ve egy bronz t\u00e1rgy. A lelet r\u00e9sze volt egy karik\u00e1s, kengyel\u00e9nek mindk\u00e9t oldal\u00e1n stiliz\u00e1lt \u00e1llatfejjel d\u00edsz\u00edtett fibul\u00e1nak. Ez a m\u00e1sodik lel\u0151hely a Rajna vid\u00e9ken (Gallia Belgica \u00e9s Germania Inferior provincia), ahol ilyen t\u00edpus\u00fa fibul\u00e1t tal\u00e1l- tak. Ezek a t\u00e1rgyak t\u00f6bbnyire a Duna k\u00f6z\u00e9ps\u0151 szakasz\u00e1n \u00e9s \u00e9szakkelet Olaszorsz\u00e1gban fordulnak el\u0151, a Kr.u. k\u00e9s\u0151 harmadik \u00e9s a negyedik sz\u00e1zadi kontextusokban. A fibula feltehet\u0151en, a katonai szervezet tagja (akt\u00edv katona, veter\u00e1n) vagy civil (k\u00f6ztisztvisel\u0151, keresked\u0151) \u00e1ltal ker\u00fclt a K\u00f6ln \u00e9s Aachen k\u00f6zti ter\u00fcletre. Az is felt\u00e9telezhet\u0151, hogy egy Pannon szuvenirr\u0151l van sz\u00f3.<\/p>\n<p>&nbsp;<\/p>\n<h4 id=\"ruenger\"><strong><em>Torsten R\u00fcnger<\/em><\/strong><\/h4>\n<p>Zwei Wasserm\u00fchlen der Karolingerzeit im Rotbachtal bei Niederberg<br \/>\nmit einem Beitrag von Jutta Meurers-Balke und Silke Schamuhn<\/p>\n<p>Res\u00fcmee. Die vollst\u00e4ndige Auswertung des arch\u00e4ologischen Quellenmaterials von einer oder zwei dendrochronologisch in die Karolingerzeit datierten Wasserm\u00fchlen, liefert eine F\u00fclle neuer Informationen, die das Bild der alten Wasserm\u00fchlenlandschaft des Erftgebietes vervollst\u00e4ndigen und durch interdisziplin\u00e4re Forschungsbeitr\u00e4ge abrunden. Es scheint sich bei einem der Befunde um die Reste einer unterschl\u00e4chtig betriebene Getreidem\u00fchle handeln, die im Jahr 833 n. Chr. erbaut wurde. Somit ist sie die \u00e4lteste sicher arch\u00e4ologisch belegte Wasserm\u00fchle im Rheinland. Durch arch\u00e4ometrische Analysen von Scherben und M\u00fchlsteinfragmenten aus Basaltlava gelingt der Nachweis von Handelsverbindungen nach Mayen und eine Einordnung in das \u00fcberregionale Wirtschaftsgef\u00fcge.<\/p>\n<p>Summary. The complete evaluation of archaeological material from presumably two watermills \u2013 dendrochronologically dated to the Carolingian period \u2013 provides the opportunity to broaden and complete our understanding of this historic watermill landscape in the Erft area and to perfect it with interdisciplinary analyses. We know from previous reconstructions that we are dealing with an undershot flour mill built in the year 833 A. D. and therefore the oldest archaeologically documented watermill in the Rhineland. The small but functional mill used a start-and-float wheel with 1,65 meter diameter and a pair of grinding millstones with diameters of nearly one meter. The water wheel was probably powered by a millrace partially encased with wood and wattle. Some of the original mill house and hursting structure have been rebuilt on a foundation of ground-anchored sills and pile groups. The results from an archaeometric analysis of selected pottery fragments and millstones of basaltic lava give evidence that there must have existed trade connections to Mayen and place the mill in a larger economic system.<\/p>\n<p>R\u00e9sum\u00e9. L\u2019\u00e9valuation compl\u00e8te du mat\u00e9riel arch\u00e9ologique provenant de deux probables moulins \u00e0 eau \u2013 dat\u00e9s dendrochronologiquement de la p\u00e9riode Carolingienne \u2013 offre l\u2019opportunit\u00e9 d\u2019approfondir et de compl\u00e9ter notre compr\u00e9hension de ce paysage de moulins \u00e0 eau dans la zone de l\u2019Erft et de la perfectionner gr\u00e2ce \u00e0 des analyses interdisciplinaires. Nous savons \u00e0 l\u2019aide de pr\u00e9c\u00e9dentes d\u00e9couvertes qu\u2019il s\u2019agit d\u2019un moulin \u00e0 c\u00e9r\u00e9ales construit en 833 apr. J.-C., ce qui fait de lui le plus ancien moulin \u00e0 eau attest\u00e9 arch\u00e9ologiquement en Rh\u00e9nanie. Les analyses arch\u00e9om\u00e9triques de fragments de c\u00e9ramiques et de meules en lave basaltique indiquent qu\u2019il dut exister des relations commerciales vers Mayen et une int\u00e9gration dans le syst\u00e8me \u00e9conomique suprar\u00e9gional.<\/p>\n<p>&nbsp;<\/p>\n<h4 id=\"ristow\"><strong><em>Sebastian Ristow<\/em><\/strong><\/h4>\n<p>Sarkophag f\u00fcr einen S\u00e4ugling aus der Domgrabung in Aachen<\/p>\n<p>Res\u00fcmee. Im Zentrum des Aachener Domes wurde bei Boden\u00f6ffnungen des neunzehnten Jahrhunderts ein kleiner Kalksteinsarkophag f\u00fcr einen S\u00e4ugling gefunden. Der zeitweise verschollene Fund wurde jetzt ausfindig gemacht und wird hier erstmals vorgelegt. Er geh\u00f6rt mit seiner Trapezform, der anthropomorphen Innengestaltung und der Kopfnische mit abgeflachtem Kopflager zu einer Gruppe von Sarkophagen, die ihren Datierungsschwerpunkt im achten Jahrhundert hat. Da der Sarkophag verlagert war und keine Bestattungs- oder Inventarreste enthielt, ergibt sich keine weitere befundgest\u00fctzte Interpretation. Als Auftraggeber f\u00fcr ein so vergleichsweise hochwertiges Objekt, das f\u00fcr ein maximal halbj\u00e4hriges Kind bestimmt war, kommt wohl nur eine k\u00f6nigliche Familie in Frage, sei es diejenige von Pippin dem J\u00fcngeren oder die von Karl dem Gro\u00dfen.<\/p>\n<p>Summary. In the centre of Aachen Cathedral a small limestone sarcophagus for an infant was found when the floor was opened for excavation in the nineteenth century. The temporarilylost object could now be identified and presented here for the first time. With its trapezoidal shape, an anthropomorphic interior design and the niche with flattened head support, it belongs to a group of sarcophagi with a style dated to the eighth century. As the coffin had been moved and contained no funeral or inventory remains, no other diagnosis-based interpretations are possible. Probably the only contender for such a high valued grave of an at most six months old baby, is the royal family of either Pepin the younger, or of Charlemagne.<\/p>\n<p>R\u00e9sum\u00e9. Lors de sondages men\u00e9s au centre de l\u2019\u00e9glise Sainte-Marie d\u2019Aix-la-Chapelle au dixneuvi\u00e8me si\u00e8cle on avait d\u00e9couvert un sarcophage de nourrisson en calcaire. La pi\u00e8ce disparue un temps a \u00e9t\u00e9 retrouv\u00e9e r\u00e9cemment et est pr\u00e9sent\u00e9e pour la premi\u00e8re fois dans ce qui suit. Le sarcophage appartient selon sa forme trap\u00e9zo\u00efdale ext\u00e9rieure, la taille anthropomorphe int\u00e9rieure et son alv\u00e9ole c\u00e9phalique \u00e0 appuie-t\u00eate aplati, \u00e0 un groupe dont les exemplaires datent le plus souvent du huiti\u00e8me si\u00e8cle. Le sarcophage pr\u00e9vu pour un enfant \u00e2g\u00e9 au maximum de six mois ne se trouvait pas in situ et ne contenait ni ossement ni inventaire. Toute interpr\u00e9tation ne peut pas se baser sur du mat\u00e9riel ou une stratigraphie. Il convient d\u2019envisager comme commanditaire pour cet objet de relativement grande qualit\u00e9 la famille royale, soit quelle de P\u00e9pin le Bref soit quelle de Charlemagne.<\/p>\n<p>&nbsp;<\/p>\n<h4 id=\"elkassem\"><strong><em>Marcel El-Kassem<\/em><\/strong><\/h4>\n<p>Die hochmittelalterliche Klostersiedlung der Abtei Brauweiler<\/p>\n<p>Res\u00fcmee. Die Untersuchungen in Brauweiler 2010 und 2011 galten besonders der hochmittelalterlichen Siedlung bei der Abtei. Gefunden wurden Erdkeller und Grubenh\u00e4user, die als \u00dcberreste der aus Holz und Lehm errichteten Wohn- und Funktionsbauten die r\u00e4umliche Struktur des Habitats in Teilen erkennen lassen. Die Niederlassung expandierte im letzten Drittel des elften Jahrhunderts und erreichte im letzten Drittel des zw\u00f6lften ihre gr\u00f6\u00dfte Ausdehnung. Das abrupte Ende zeigen arch\u00e4ologische Befunde der Zerst\u00f6rung durch einen Gro\u00dfbrand, vermutlich bei den Verw\u00fcstungen durch K\u00f6lner B\u00fcrger im Jahre 1205 im Zusammenhang mit den staufisch-welfischen Thronstreitigkeiten. Insbesondere das Fundmaterial aus den eingetieften Bauk\u00f6rpern best\u00e4tigt diese Datierung und erlaubt damit eine Verdichtung der bisherigen Annahmen zum \u00bbBrauweiler Brandhorizont\u00ab, dem eine nicht zu untersch\u00e4tzende Bedeutung f\u00fcr die Chronologie mittelalterlicher Keramik \u00fcber das Rheinland hinaus zukommt. Sp\u00e4testens in der Mitte des dreizehnten Jahrhunderts siedelten wieder Menschen westlich der Abtei.<\/p>\n<p>Abstract. The investigations in 2010 and 2011 concentrated on the medieval settlement close to the abbey of Brauweiler. Storage pits and pit houses, remnants of the former wood and clay residential and functional buildings, revealed in parts the spatial structure of the settlement. In the last third of the eleventh century, the settlement expanded and reached its greatest spread in the last third of the twelfth century. Its abrupt ending is archaeologically documented by several features displaying the complete destruction of the houses due to a major fire, presumably in connection with a devastating raid by the citizens of Cologne in 1205, as a consequence to the throne struggle between the dynasties of Hohenstaufen and Guelph. Especially the findings from the subsurface buildings confirm this age determination and allow a substantial consolidation of the previous assumptions about this \u00bbBrauweiler Brandhorizont\u00ab, significantly contributing to the chronology of medieval pottery, even beyond the Rhineland. At the latest by the mid-thirteenth century, people settled again west of the abbey.<\/p>\n<p>R\u00e9sum\u00e9. Les recherches arch\u00e9ologiques dans les ann\u00e9es 2010 et 2011 ont fourni un aper\u00e7u pr\u00e9cieux et complet dans l\u2019histoire de la village m\u00e9di\u00e9val de l\u2019abbaye Brauweiler. Parmi les d\u00e9couvertes il y avait principalement les caves semi-enterr\u00e9es et les fonds de cabane, qui \u2013 comme les restes de l\u2019ancien b\u00e2timent r\u00e9sidentiel et fonctionnel construit en de bois et d\u2019argile \u2013 a r\u00e9v\u00e9lait la structure spatiale de la colonie dans certaines r\u00e9gions au moins. A la fin de l\u2019onzi\u00e8me si\u00e8cle la cit\u00e9 s\u2019est d\u00e9velopp\u00e9e dans une tr\u00e8s large mesure et a atteint sa plus grande \u00e9tendue dans le dernier tiers du douzi\u00e8me si\u00e8cle. La fin abrupte de cette agglom\u00e9ration est document\u00e9e par plusieurs d\u00e9couvertes. Elles montrent la destruction compl\u00e8te des maisons de la colonie utilis\u00e9es pour diff\u00e9rentes longueurs au cours d\u2019un incendie majeur et donc la fin temporaire de cette cit\u00e9. Ce cas d\u2019incendie illustr\u00e9 par l\u00b4enregistrement arch\u00e9ologique peut \u00eatre expliqu\u00e9 le plus probable avec les destructions par les citoyens de Cologne en 1205e en relation avec les conflits du Tr\u00f4ne entre les Hohenstaufen et les Welfs. Plus particuli\u00e8rement, le mat\u00e9riel arch\u00e9ologique des structures de b\u00e2timents coul\u00e9s a confirm\u00e9 cette approche, permettant une compression substantielle des hypoth\u00e8ses pr\u00e9c\u00e9dentes \u00e0 ce sujet \u00bbBrandhorizont Brauweiler\u00ab qui a une importance particuli\u00e8re pour la chronologie de la poterie m\u00e9di\u00e9vale au-del\u00e0 des fronti\u00e8res. Au cours du treizi\u00e8me si\u00e8cle les gens se sont \u00e9tablis \u00e0 nouveau \u00e0 l\u2019ouest de l\u2019abbaye en intensit\u00e9 consid\u00e9rable.<\/p>\n<p>&nbsp;<\/p>\n<p>&nbsp;<\/p>\n","protected":false},"excerpt":{"rendered":"<p>Bonner Jahrb\u00fccher 212, 2012 Hans-Eckart Joachim Der Arch\u00e4ologe, Althistoriker und Museumsmann Harald von Petrikovits Eine biografische Skizze Zusammenfassung 3 Michael Baales, Ingrid Koch und Kathrin Nowak Zur mittelneolithischen Landschaftsnutzung im Siegerland Zusammenfassung \u00a019 Klaus Grewe Die Ziegelmarken am Aqu\u00e4dukt von Minturnae Zusammenfassung 35 Manuel Fiedler und Constanze H\u00f6pken Wandmalereifunde aus dem r\u00f6mischen Vicus in Bonn &hellip; <\/p>\n<p class=\"link-more\"><a href=\"http:\/\/www.av-rheinland.de\/index.php\/der-verein\/publikationen\/bonner-jahrbuecher\/bonner-jahrbuecher-212-2012\/\" class=\"more-link\"><span class=\"screen-reader-text\">\u201eBonner Jahrb\u00fccher 212, 2012\u201c<\/span> weiterlesen<\/a><\/p>\n","protected":false},"author":1,"featured_media":0,"parent":174,"menu_order":0,"comment_status":"closed","ping_status":"closed","template":"","meta":{"jetpack_post_was_ever_published":false},"jetpack_sharing_enabled":true,"jetpack_shortlink":"https:\/\/wp.me\/P99Kwc-3C","jetpack_likes_enabled":true,"jetpack-related-posts":[{"id":208,"url":"http:\/\/www.av-rheinland.de\/index.php\/der-verein\/publikationen\/bonner-jahrbuecher\/bonner-jahrbuecher-213-2013\/","url_meta":{"origin":224,"position":0},"title":"Bonner Jahrb\u00fccher 213, 2013","author":"altertumsverein","date":"Oktober 22, 2017","format":false,"excerpt":"Bonner Jahrb\u00fccher 213, 2013 Harald Mielsch Nachruf Nikolaus Himmelmann 3 Hans-Eckart Joachim und Frank Willer Alte Waffe mit neuem Griff Das vermeintlich mittelbronzezeitliche Schwert von Oedt Zusammenfassung \u00a09 Andr\u00e1s Patay-Horv\u00e1th Das Metroon von Olympia als Stiftung von Elis Zusammenfassung 17 David Biedermann Zur B\u00e4rtigkeit r\u00f6mischer Portr\u00e4ts sp\u00e4trepublikanischer Zeit Zusammenfassung \u00a027\u2026","rel":"","context":"\u00c4hnlicher Beitrag","block_context":{"text":"\u00c4hnlicher Beitrag","link":""},"img":{"alt_text":"","src":"","width":0,"height":0},"classes":[]},{"id":169,"url":"http:\/\/www.av-rheinland.de\/index.php\/der-verein\/publikationen\/hinweise-fuer-aufsaetze-in-den-bonner-jahrbuechern\/","url_meta":{"origin":224,"position":1},"title":"Hinweise f\u00fcr Aufs\u00e4tze in den Bonner Jahrb\u00fcchern","author":"altertumsverein","date":"September 7, 2017","format":false,"excerpt":"Themen In den Bonner Jahrb\u00fcchern ver\u00f6ffentlichen wir wissenschaftliche Beitr\u00e4ge zu allen Fachgebieten der Arch\u00e4ologie Europas und der Alten Geschichte einschlie\u00dflich der Epigraphik. Geographisch sind auch die au\u00dfereurop\u00e4ischen Provinzen des R\u00f6mischen Reiches einbegriffen, zeitlich auch die fr\u00fchmittelalterliche Epoche. Aufs\u00e4tze zur rheinischen Kunstgeschichte und zum Nachleben der Antike sind willkommen. Manuskriptabgabe Wir\u2026","rel":"","context":"\u00c4hnlicher Beitrag","block_context":{"text":"\u00c4hnlicher Beitrag","link":""},"img":{"alt_text":"","src":"","width":0,"height":0},"classes":[]},{"id":159,"url":"http:\/\/www.av-rheinland.de\/index.php\/der-verein\/publikationen\/","url_meta":{"origin":224,"position":2},"title":"Publikationen","author":"altertumsverein","date":"September 7, 2017","format":false,"excerpt":"Die Bonner Jahrb\u00fccher und ihre Beihefte werden nicht mehr bei der Wissenschaftlichen Buchgesellschaft verlegt. Verlagsabonnenten, die unsere Zeitschrift bisher j\u00e4hrlich von dort bezogen haben, erhalten sie derzeit nicht automatisch. Der Band 222, 2022 ist im Selbstverlag erschienen. Ab Band 223, 2023 erscheint die Zeitschrift bei unserem neuen Verlag: Dr. Rudolf\u2026","rel":"","context":"\u00c4hnlicher Beitrag","block_context":{"text":"\u00c4hnlicher Beitrag","link":""},"img":{"alt_text":"","src":"","width":0,"height":0},"classes":[]},{"id":11,"url":"http:\/\/www.av-rheinland.de\/index.php\/der-verein\/","url_meta":{"origin":224,"position":3},"title":"Der Verein","author":"altertumsverein","date":"August 6, 2016","format":false,"excerpt":"Die Aufgaben des Vereins Der Verein von Altertumsfreunden im Rheinlande gibt zusammen mit dem LVR-LandesMuseum Bonn und dem LVR-Amt f\u00fcr Bodendenkmalpflege im Rheinland die Bonner Jahrb\u00fccher heraus. unterst\u00fctzt die Arbeit des LVR-LandesMuseums Bonn durch finanzielle Zusch\u00fcsse f\u00fcr Neuerwerbungen, f\u00fcr die gemeinsame Bibliothek von Museum und Verein, f\u00fcr Ver\u00f6ffentlichungen und f\u00fcr\u2026","rel":"","context":"\u00c4hnlicher Beitrag","block_context":{"text":"\u00c4hnlicher Beitrag","link":""},"img":{"alt_text":"","src":"https:\/\/i0.wp.com\/www.av-rheinland.de\/wp-content\/uploads\/2016\/08\/A_139_0-11.jpg?resize=350%2C200","width":350,"height":200},"classes":[]},{"id":174,"url":"http:\/\/www.av-rheinland.de\/index.php\/der-verein\/publikationen\/bonner-jahrbuecher\/","url_meta":{"origin":224,"position":4},"title":"Bonner Jahrb\u00fccher","author":"altertumsverein","date":"September 7, 2017","format":false,"excerpt":"Herausgeber der Zeitschrift sind das Rheinische Landesmuseum Bonn und die Rheinische Bodendenkmalpflege, die beide dem Landschaftsverband Rheinland angeh\u00f6ren, sowie als Begr\u00fcnder des Blattes der Verein von Altertumsfreunden im Rheinlande. Die Bonner Jahrb\u00fccher verstehen sich als internationales wissenschaftliches Publikationsmedium f\u00fcr Arch\u00e4ologie und Geschichte. Neben der Klassischen Antike des Mittelmeerraumes gilt besonderes\u2026","rel":"","context":"\u00c4hnlicher Beitrag","block_context":{"text":"\u00c4hnlicher Beitrag","link":""},"img":{"alt_text":"","src":"","width":0,"height":0},"classes":[]},{"id":28,"url":"http:\/\/www.av-rheinland.de\/index.php\/mitglied-werden\/","url_meta":{"origin":224,"position":5},"title":"Mitglied werden","author":"altertumsverein","date":"August 6, 2016","format":false,"excerpt":"Was bietet der Verein seinen Mitgliedern? Freien Eintritt ins LVR-LandesMuseum Bonn Preisnachlass bei Sonderausstellungen\/Ausstellungser\u00f6ffnungen ein Exemplar der Bonner Jahrb\u00fccher als Jahresgabe \"Berichte aus Bonn\" zweimal j\u00e4hrlich F\u00fchrungen und Vortr\u00e4ge Exkursionen zu Ausstellungen und arch\u00e4ologischen St\u00e4tten Informationen zum laufendem Programm des Vereins und des LVR-LandesMuseums Bonn. Mitglied werden Wenn Sie Mitglied\u2026","rel":"","context":"\u00c4hnlicher Beitrag","block_context":{"text":"\u00c4hnlicher Beitrag","link":""},"img":{"alt_text":"","src":"","width":0,"height":0},"classes":[]}],"_links":{"self":[{"href":"http:\/\/www.av-rheinland.de\/index.php\/wp-json\/wp\/v2\/pages\/224"}],"collection":[{"href":"http:\/\/www.av-rheinland.de\/index.php\/wp-json\/wp\/v2\/pages"}],"about":[{"href":"http:\/\/www.av-rheinland.de\/index.php\/wp-json\/wp\/v2\/types\/page"}],"author":[{"embeddable":true,"href":"http:\/\/www.av-rheinland.de\/index.php\/wp-json\/wp\/v2\/users\/1"}],"replies":[{"embeddable":true,"href":"http:\/\/www.av-rheinland.de\/index.php\/wp-json\/wp\/v2\/comments?post=224"}],"version-history":[{"count":3,"href":"http:\/\/www.av-rheinland.de\/index.php\/wp-json\/wp\/v2\/pages\/224\/revisions"}],"predecessor-version":[{"id":227,"href":"http:\/\/www.av-rheinland.de\/index.php\/wp-json\/wp\/v2\/pages\/224\/revisions\/227"}],"up":[{"embeddable":true,"href":"http:\/\/www.av-rheinland.de\/index.php\/wp-json\/wp\/v2\/pages\/174"}],"wp:attachment":[{"href":"http:\/\/www.av-rheinland.de\/index.php\/wp-json\/wp\/v2\/media?parent=224"}],"curies":[{"name":"wp","href":"https:\/\/api.w.org\/{rel}","templated":true}]}}