{"id":1218,"date":"2025-01-08T11:36:23","date_gmt":"2025-01-08T11:36:23","guid":{"rendered":"https:\/\/www.av-rheinland.de\/?page_id=1218"},"modified":"2025-12-09T13:16:23","modified_gmt":"2025-12-09T13:16:23","slug":"vortraege-2025","status":"publish","type":"page","link":"http:\/\/www.av-rheinland.de\/index.php\/vortraege-2025\/","title":{"rendered":"Vortr\u00e4ge 2025"},"content":{"rendered":"<h1>Vorschau<\/h1>\n<p>&nbsp;<\/p>\n<p><strong>Donnerstag, den 16. Januar 2025, 18:15 Uhr<\/strong><\/p>\n<p>H\u00f6rsaal der Klassischen Arch\u00e4ologie, AVZ III, R\u00f6merstra\u00dfe 164, Bonn<\/p>\n<p><strong>Prof. Dr. Hartmut Matth\u00e4us (Universit\u00e4t Erlangen)<\/strong><\/p>\n<h1 class=\"moz-cite-prefix\">Prinias: ein urbanes Zentrum des fr\u00fchen ersten Jahrtausends v. Chr. auf der Insel Kreta<\/h1>\n<p class=\"moz-cite-prefix\">Stadtanlage, Nekropole, transmaritime Beziehungen w\u00e4hrend der ,Dark Ages\u02bb<\/p>\n<p>Prinias liegt an strategisch g\u00fcnstiger Position in Zentralkreta auf halbem Wege zwischen Knossos und Gortyn. Italienische Ausgrabungen seit dem Beginn des 20. Jahrhunderts haben auf der Patela, dem H\u00fcgelplateau von Prinias, eine bl\u00fchende st\u00e4dtische Siedlung des 11. bis 6. Jh. v. Chr., freigelegt, ber\u00fchmt nicht zuletzt wegen eines reich mit Skulpturen geschm\u00fcckten Tempels des 7. Jh. v. Chr., der in keinem Handbuch griechischer Kunstgeschichte fehlt. Nach Auflassung der Siedlung errichtete vermutlich die Stadt Gortyn dort in hellenistischer Zeit eine Festung zur Kontrolle der Nord-S\u00fcd-Verbindung.<br \/>\nIm Mittelpunkt des Vortrages wird die Siderospilia-Nekropole, etwa 500 Gr\u00e4ber umfassend, stehen, deren fr\u00fche Grabanlagen des 11. bis 9. Jh. v. Chr. reich an Waffen, Ger\u00e4t aus Metall, Gewandschmuck und nicht zuletzt importierten Metallgef\u00e4\u00dfen aus dem Vorderen Orient, Zypern und \u00c4gypten sind. Die Befunde geben Anla\u00df, das traditionelle Konzept eines griechischen ,Dunklen Zeitalters\u02bb (Dark Ages) von Verarmung und Isolation nach dem Ende der bronzezeitlichen Hochkultur kritisch zu \u00fcberdenken.<\/p>\n<figure id=\"attachment_1201\" aria-describedby=\"caption-attachment-1201\" style=\"width: 300px\" class=\"wp-caption alignnone\"><img data-attachment-id=\"1201\" data-permalink=\"http:\/\/www.av-rheinland.de\/index.php\/2024\/12\/12\/vortrag-16-01-2025-1815-uhr-prof-dr-hartmut-matthaeus-prinias-ein-urbanes-zentrum-des-fruehen-ersten-jahrtausends-v-chr-auf-der-insel-kreta\/img_4685\/\" data-orig-file=\"https:\/\/i0.wp.com\/www.av-rheinland.de\/wp-content\/uploads\/2024\/12\/IMG_4685-scaled.jpg?fit=2560%2C1707\" data-orig-size=\"2560,1707\" data-comments-opened=\"1\" data-image-meta=\"{&quot;aperture&quot;:&quot;5.6&quot;,&quot;credit&quot;:&quot;&quot;,&quot;camera&quot;:&quot;Canon EOS 450D&quot;,&quot;caption&quot;:&quot;&quot;,&quot;created_timestamp&quot;:&quot;946684874&quot;,&quot;copyright&quot;:&quot;&quot;,&quot;focal_length&quot;:&quot;48&quot;,&quot;iso&quot;:&quot;640&quot;,&quot;shutter_speed&quot;:&quot;0.02&quot;,&quot;title&quot;:&quot;&quot;,&quot;orientation&quot;:&quot;1&quot;}\" data-image-title=\"IMG_4685\" data-image-description=\"\" data-image-caption=\"\" data-medium-file=\"https:\/\/i0.wp.com\/www.av-rheinland.de\/wp-content\/uploads\/2024\/12\/IMG_4685-scaled.jpg?fit=300%2C200\" data-large-file=\"https:\/\/i0.wp.com\/www.av-rheinland.de\/wp-content\/uploads\/2024\/12\/IMG_4685-scaled.jpg?fit=525%2C350\" decoding=\"async\" loading=\"lazy\" class=\"wp-image-1201 size-medium\" src=\"https:\/\/i0.wp.com\/www.av-rheinland.de\/wp-content\/uploads\/2024\/12\/IMG_4685.jpg?resize=300%2C200\" alt=\"\" width=\"300\" height=\"200\" srcset=\"https:\/\/i0.wp.com\/www.av-rheinland.de\/wp-content\/uploads\/2024\/12\/IMG_4685-scaled.jpg?resize=300%2C200 300w, https:\/\/i0.wp.com\/www.av-rheinland.de\/wp-content\/uploads\/2024\/12\/IMG_4685-scaled.jpg?resize=1024%2C683 1024w, https:\/\/i0.wp.com\/www.av-rheinland.de\/wp-content\/uploads\/2024\/12\/IMG_4685-scaled.jpg?resize=768%2C512 768w, https:\/\/i0.wp.com\/www.av-rheinland.de\/wp-content\/uploads\/2024\/12\/IMG_4685-scaled.jpg?resize=1536%2C1024 1536w, https:\/\/i0.wp.com\/www.av-rheinland.de\/wp-content\/uploads\/2024\/12\/IMG_4685-scaled.jpg?resize=2048%2C1365 2048w\" sizes=\"(max-width: 300px) 100vw, 300px\" data-recalc-dims=\"1\" \/><figcaption id=\"caption-attachment-1201\" class=\"wp-caption-text\">D\u00e4dalische Skulpturen vom Portal des Tempels A in Prinias, Foto: Prof. Dr. Hartmut Matth\u00e4us<\/figcaption><\/figure>\n<p>&nbsp;<\/p>\n<p>&nbsp;<\/p>\n<p><strong><u>Bitte beachten Sie den Veranstaltungsort.<\/u><\/strong><\/p>\n<p><del><strong>Donnerstag, den 13. Februar 2025, 18:15 Uhr<\/strong><\/del><\/p>\n<p><strong>Donnerstag, den 20. Februar 2025, 18:15 Uhr<\/strong><\/p>\n<p>Vortragssaal des LVR-LandesMuseums Bonn, Colmantstra\u00dfe 14\u201316<\/p>\n<p><strong>Dr. Eva Rosenstock (Universit\u00e4t Bonn, Bonn Center for ArchaeoSciences)<\/strong><\/p>\n<h1>Vom Boden ins Labor<\/h1>\n<p>Bioarch\u00e4ologie im Rheinland als Schl\u00fcssel zur Vergangenheit<\/p>\n<p>Seit 2021 wird mit dem Bonn Center for ArchaeoSciences (BoCAS) die naturwissenschaftliche Arch\u00e4ologie als neuer Arbeitsbereich an der Universit\u00e4t Bonn aufgebaut. Der Schwerpunkt liegt dabei auf der Bioarch\u00e4ologie und biomolekularen Arch\u00e4ologie: Menschliche Skelettreste, die daraus gewonnenen Isotopenverh\u00e4ltnisse sowie organische R\u00fcckst\u00e4nde an Gef\u00e4\u00dfen und anderen Artefakten liefern wertvolle Einblicke in menschliche Ern\u00e4hrung, Gesundheitszustand und Mobilit\u00e4t sowie in Herkunft und Nutzung von Objekten. Der Vortrag beleuchtet anhand aktueller Fallstudien aus unserer Arbeit die Bedeutung der naturwissenschaftlichen Arch\u00e4ologie f\u00fcr die Erforschung der Lebenswelten vergangener Gesellschaften im Rheinland und dar\u00fcber hinaus.<\/p>\n<p><img data-attachment-id=\"1238\" data-permalink=\"http:\/\/www.av-rheinland.de\/index.php\/2025\/01\/16\/vortrag-13-02-2025-1815-uhr-prof-toso-prof-rageot-dr-rosenstock-vom-boden-ins-labor\/picture2\/\" data-orig-file=\"https:\/\/i0.wp.com\/www.av-rheinland.de\/wp-content\/uploads\/2025\/02\/Picture2.png?fit=370%2C208\" data-orig-size=\"370,208\" data-comments-opened=\"1\" data-image-meta=\"{&quot;aperture&quot;:&quot;0&quot;,&quot;credit&quot;:&quot;&quot;,&quot;camera&quot;:&quot;&quot;,&quot;caption&quot;:&quot;&quot;,&quot;created_timestamp&quot;:&quot;0&quot;,&quot;copyright&quot;:&quot;&quot;,&quot;focal_length&quot;:&quot;0&quot;,&quot;iso&quot;:&quot;0&quot;,&quot;shutter_speed&quot;:&quot;0&quot;,&quot;title&quot;:&quot;&quot;,&quot;orientation&quot;:&quot;0&quot;}\" data-image-title=\"Picture2\" data-image-description=\"&lt;p&gt;Mit \u201esefet\u201c und \u201eantiu\u201c beschriftete \u00e4gyptische Gef\u00e4\u00dfscherben. Diese Worte sind aus Texten zu Einbalsamierungspraktiken gut bekannt, aber welche Substanzen verbergen sich dahinter?  &lt;\/p&gt;\n\" data-image-caption=\"\" data-medium-file=\"https:\/\/i0.wp.com\/www.av-rheinland.de\/wp-content\/uploads\/2025\/02\/Picture2.png?fit=300%2C169\" data-large-file=\"https:\/\/i0.wp.com\/www.av-rheinland.de\/wp-content\/uploads\/2025\/02\/Picture2.png?fit=370%2C208\" decoding=\"async\" loading=\"lazy\" class=\"alignnone size-medium wp-image-1238\" src=\"https:\/\/i0.wp.com\/www.av-rheinland.de\/wp-content\/uploads\/2025\/02\/Picture2.png?resize=300%2C169\" alt=\"\" width=\"300\" height=\"169\" srcset=\"https:\/\/i0.wp.com\/www.av-rheinland.de\/wp-content\/uploads\/2025\/02\/Picture2.png?resize=300%2C169 300w, https:\/\/i0.wp.com\/www.av-rheinland.de\/wp-content\/uploads\/2025\/02\/Picture2.png?w=370 370w\" sizes=\"(max-width: 300px) 100vw, 300px\" data-recalc-dims=\"1\" \/> <img data-attachment-id=\"1237\" data-permalink=\"http:\/\/www.av-rheinland.de\/index.php\/2025\/01\/16\/vortrag-13-02-2025-1815-uhr-prof-toso-prof-rageot-dr-rosenstock-vom-boden-ins-labor\/picture1\/\" data-orig-file=\"https:\/\/i0.wp.com\/www.av-rheinland.de\/wp-content\/uploads\/2025\/02\/Picture1.png?fit=234%2C260\" data-orig-size=\"234,260\" data-comments-opened=\"1\" data-image-meta=\"{&quot;aperture&quot;:&quot;0&quot;,&quot;credit&quot;:&quot;&quot;,&quot;camera&quot;:&quot;&quot;,&quot;caption&quot;:&quot;&quot;,&quot;created_timestamp&quot;:&quot;0&quot;,&quot;copyright&quot;:&quot;&quot;,&quot;focal_length&quot;:&quot;0&quot;,&quot;iso&quot;:&quot;0&quot;,&quot;shutter_speed&quot;:&quot;0&quot;,&quot;title&quot;:&quot;&quot;,&quot;orientation&quot;:&quot;0&quot;}\" data-image-title=\"Picture1\" data-image-description=\"&lt;p&gt;Mit \u201esefet\u201c und \u201eantiu\u201c beschriftete \u00e4gyptische Gef\u00e4\u00dfscherben. Diese Worte sind aus Texten zu Einbalsamierungspraktiken gut bekannt, aber welche Substanzen verbergen sich dahinter?  &lt;\/p&gt;\n\" data-image-caption=\"\" data-medium-file=\"https:\/\/i0.wp.com\/www.av-rheinland.de\/wp-content\/uploads\/2025\/02\/Picture1.png?fit=234%2C260\" data-large-file=\"https:\/\/i0.wp.com\/www.av-rheinland.de\/wp-content\/uploads\/2025\/02\/Picture1.png?fit=234%2C260\" decoding=\"async\" loading=\"lazy\" class=\"alignnone size-full wp-image-1237\" src=\"https:\/\/i0.wp.com\/www.av-rheinland.de\/wp-content\/uploads\/2025\/02\/Picture1.png?resize=234%2C260\" alt=\"\" width=\"234\" height=\"260\" data-recalc-dims=\"1\" \/><\/p>\n<p>Mit \u201esefet\u201c und \u201eantiu\u201c beschriftete \u00e4gyptische Gef\u00e4\u00dfscherben. Diese Worte sind aus Texten zu Einbalsamierungspraktiken gut bekannt, aber welche Substanzen verbergen sich dahinter?<\/p>\n<p>&nbsp;<\/p>\n<p><strong><u>Bitte beachten Sie den Veranstaltungsort.<\/u><\/strong><\/p>\n<p><strong>Donnerstag, den 13. M\u00e4rz 2025, 18:15 Uhr<\/strong><\/p>\n<p>LVR-Landesmuseum Bonn, Colmantstra\u00dfe 14\u201316<\/p>\n<p><strong><em>Klaus Frank (ehem. Amt f\u00fcr Bodendenkmalpflege im Rheinland)<\/em><\/strong><\/p>\n<h1>Das Bergische Land im ersten vorchristlichen Jahrhundert<\/h1>\n<p>Kelten und Germanen in Koexistenz und Konkurrenz?<\/p>\n<p>Aktuelle Untersuchungen an Befestigungsanlagen im Bergischen Land zeigen \u00fcberraschende Ergebnisse zur Besiedlungsgeschichte: Keltische Gruppen erbauten teils m\u00e4chtige Ringw\u00e4lle auf Bergh\u00f6hen oder Grabenwerke im Flachland beiderseits des Rheins und nutzten dabei auch \u00e4ltere Anlagen. Siedler aus unterschiedlichen Herkunftsgebieten sind durch typische Trachtbestandteile oder M\u00fcnzen zu erkennen, nach der Jahrhundertmitte traten erste germanische Neuank\u00f6mmlinge in Erscheinung. Der Vortrag bietet den aktuellen Stand der Forschung zum rechtsrheinischen Mittelgebirgsraum in der Umbruchszeit vor der Ankunft der R\u00f6mer am Rhein.<\/p>\n<p><img data-attachment-id=\"1261\" data-permalink=\"http:\/\/www.av-rheinland.de\/index.php\/2025\/02\/26\/vortrag-13-03-2025-1815-uhr-klaus-frank-das-bergische-land-im-ersten-vorchristlichen-jahrhundert\/e_2017_148_96-14\/\" data-orig-file=\"https:\/\/i0.wp.com\/www.av-rheinland.de\/wp-content\/uploads\/2025\/02\/E_2017_148_96-14.jpg?fit=1449%2C1516\" data-orig-size=\"1449,1516\" data-comments-opened=\"1\" data-image-meta=\"{&quot;aperture&quot;:&quot;0&quot;,&quot;credit&quot;:&quot;J\\u00fcrgen Vogel\\\/LandesMuseum Bonn&quot;,&quot;camera&quot;:&quot;&quot;,&quot;caption&quot;:&quot;&quot;,&quot;created_timestamp&quot;:&quot;1519311310&quot;,&quot;copyright&quot;:&quot;&quot;,&quot;focal_length&quot;:&quot;0&quot;,&quot;iso&quot;:&quot;0&quot;,&quot;shutter_speed&quot;:&quot;0&quot;,&quot;title&quot;:&quot;&quot;,&quot;orientation&quot;:&quot;1&quot;}\" data-image-title=\"E_2017_148_96-1#4\" data-image-description=\"\" data-image-caption=\"\" data-medium-file=\"https:\/\/i0.wp.com\/www.av-rheinland.de\/wp-content\/uploads\/2025\/02\/E_2017_148_96-14.jpg?fit=287%2C300\" data-large-file=\"https:\/\/i0.wp.com\/www.av-rheinland.de\/wp-content\/uploads\/2025\/02\/E_2017_148_96-14.jpg?fit=525%2C549\" decoding=\"async\" loading=\"lazy\" class=\"alignnone size-medium wp-image-1261\" src=\"https:\/\/i0.wp.com\/www.av-rheinland.de\/wp-content\/uploads\/2025\/02\/E_2017_148_96-14.jpg?resize=287%2C300\" alt=\"\" width=\"287\" height=\"300\" srcset=\"https:\/\/i0.wp.com\/www.av-rheinland.de\/wp-content\/uploads\/2025\/02\/E_2017_148_96-14.jpg?resize=287%2C300 287w, https:\/\/i0.wp.com\/www.av-rheinland.de\/wp-content\/uploads\/2025\/02\/E_2017_148_96-14.jpg?resize=979%2C1024 979w, https:\/\/i0.wp.com\/www.av-rheinland.de\/wp-content\/uploads\/2025\/02\/E_2017_148_96-14.jpg?resize=768%2C804 768w, https:\/\/i0.wp.com\/www.av-rheinland.de\/wp-content\/uploads\/2025\/02\/E_2017_148_96-14.jpg?w=1449 1449w, https:\/\/i0.wp.com\/www.av-rheinland.de\/wp-content\/uploads\/2025\/02\/E_2017_148_96-14.jpg?w=1050 1050w\" sizes=\"(max-width: 287px) 100vw, 287px\" data-recalc-dims=\"1\" \/><img data-attachment-id=\"1260\" data-permalink=\"http:\/\/www.av-rheinland.de\/index.php\/2025\/02\/26\/vortrag-13-03-2025-1815-uhr-klaus-frank-das-bergische-land-im-ersten-vorchristlichen-jahrhundert\/e_2017_148_43-13\/\" data-orig-file=\"https:\/\/i0.wp.com\/www.av-rheinland.de\/wp-content\/uploads\/2025\/02\/E_2017_148_43-13.jpg?fit=1210%2C1503\" data-orig-size=\"1210,1503\" data-comments-opened=\"1\" data-image-meta=\"{&quot;aperture&quot;:&quot;0&quot;,&quot;credit&quot;:&quot;J\\u00fcrgen Vogel\\\/LandesMuseum Bonn&quot;,&quot;camera&quot;:&quot;&quot;,&quot;caption&quot;:&quot;&quot;,&quot;created_timestamp&quot;:&quot;1519304395&quot;,&quot;copyright&quot;:&quot;&quot;,&quot;focal_length&quot;:&quot;0&quot;,&quot;iso&quot;:&quot;0&quot;,&quot;shutter_speed&quot;:&quot;0&quot;,&quot;title&quot;:&quot;&quot;,&quot;orientation&quot;:&quot;1&quot;}\" data-image-title=\"E_2017_148_43-1#3\" data-image-description=\"\" data-image-caption=\"&lt;p&gt;Zwei G\u00fcrtelhaken in Gestalt von Masken, die als kleine Meisterwerke keltischer Kunstfertigkeit an der Wende vom zweiten zum ersten vorchristlichen Jahrhundert angefertigt wurden. Entdeckt wurden sie innerhalb der Wallanlage Windeck-Leuscheid oberhalb der Sieg.\u00a0\u2014 Foto LVR-Landesmuseum Bonn, Ausf\u00fchrung J\u00fcrgen Vogel.&lt;\/p&gt;\n\" data-medium-file=\"https:\/\/i0.wp.com\/www.av-rheinland.de\/wp-content\/uploads\/2025\/02\/E_2017_148_43-13.jpg?fit=242%2C300\" data-large-file=\"https:\/\/i0.wp.com\/www.av-rheinland.de\/wp-content\/uploads\/2025\/02\/E_2017_148_43-13.jpg?fit=525%2C652\" decoding=\"async\" loading=\"lazy\" class=\"size-medium wp-image-1260\" src=\"https:\/\/i0.wp.com\/www.av-rheinland.de\/wp-content\/uploads\/2025\/02\/E_2017_148_43-13.jpg?resize=242%2C300\" alt=\"\" width=\"242\" height=\"300\" srcset=\"https:\/\/i0.wp.com\/www.av-rheinland.de\/wp-content\/uploads\/2025\/02\/E_2017_148_43-13.jpg?resize=242%2C300 242w, https:\/\/i0.wp.com\/www.av-rheinland.de\/wp-content\/uploads\/2025\/02\/E_2017_148_43-13.jpg?resize=824%2C1024 824w, https:\/\/i0.wp.com\/www.av-rheinland.de\/wp-content\/uploads\/2025\/02\/E_2017_148_43-13.jpg?resize=768%2C954 768w, https:\/\/i0.wp.com\/www.av-rheinland.de\/wp-content\/uploads\/2025\/02\/E_2017_148_43-13.jpg?w=1210 1210w, https:\/\/i0.wp.com\/www.av-rheinland.de\/wp-content\/uploads\/2025\/02\/E_2017_148_43-13.jpg?w=1050 1050w\" sizes=\"(max-width: 242px) 100vw, 242px\" data-recalc-dims=\"1\" \/><\/p>\n<p>Zwei G\u00fcrtelhaken in Gestalt von Masken, die als kleine Meisterwerke keltischer Kunstfertigkeit an der Wende vom zweiten zum ersten vorchristlichen Jahrhundert angefertigt wurden. Entdeckt wurden sie innerhalb der Wallanlage Windeck-Leuscheid oberhalb der Sieg. \u2014 Foto LVR-Landesmuseum Bonn, Ausf\u00fchrung J\u00fcrgen Vogel.<\/p>\n<p>&nbsp;<\/p>\n<p><strong>Donnerstag, den 24. April 2025, 18:15 Uhr<\/strong><\/p>\n<p>H\u00f6rsaal der Klassischen Arch\u00e4ologie, AVZ III, R\u00f6merstra\u00dfe 164, Bonn<\/p>\n<p><strong>Prof. Dr. Eckhard Wirbelauer (Universit\u00e4t Strasbourg)<\/strong><\/p>\n<h1>Der 28. Oktober 312 und seine Folgen<\/h1>\n<p>Eine Wende in Rom<\/p>\n<p>Als Maxentius an der Milvischen Br\u00fccke Schlacht und Leben verlor, brach f\u00fcr die R\u00f6mer eine Welt zusammen, die erst wenige Jahre zuvor (306) begonnen hatte. Denn mit Maxentius herrschte seit langem wieder ein Kaiser in Rom selbst, der noch dazu durch seine Handlungen deutlich machte, dass die Stadt selbst seine Herrschaft legitimieren sollte. Die Niederlage brachte also gerade die f\u00fchrenden Familien der Stadt in gr\u00f6\u00dfte N\u00f6te, denn es galt nun, Beziehungen zum Sieger aufzubauen und den bisherigen Kaiser vergessen zu machen. In dem Vortrag werden die Etappen dieser Wende aus der Sicht der Besiegten bis zur Errichtung des Bogens f\u00fcr Konstantin nachgezeichnet.<\/p>\n<figure id=\"attachment_1289\" aria-describedby=\"caption-attachment-1289\" style=\"width: 300px\" class=\"wp-caption alignnone\"><img data-attachment-id=\"1289\" data-permalink=\"http:\/\/www.av-rheinland.de\/index.php\/vortraege-2025\/konstantinsbogen_vom_kolosseum\/\" data-orig-file=\"https:\/\/i0.wp.com\/www.av-rheinland.de\/wp-content\/uploads\/2025\/03\/Konstantinsbogen_vom_Kolosseum-scaled.jpg?fit=2560%2C2025\" data-orig-size=\"2560,2025\" data-comments-opened=\"1\" data-image-meta=\"{&quot;aperture&quot;:&quot;0&quot;,&quot;credit&quot;:&quot;&quot;,&quot;camera&quot;:&quot;&quot;,&quot;caption&quot;:&quot;&quot;,&quot;created_timestamp&quot;:&quot;0&quot;,&quot;copyright&quot;:&quot;&quot;,&quot;focal_length&quot;:&quot;0&quot;,&quot;iso&quot;:&quot;0&quot;,&quot;shutter_speed&quot;:&quot;0&quot;,&quot;title&quot;:&quot;&quot;,&quot;orientation&quot;:&quot;1&quot;}\" data-image-title=\"Konstantinsbogen_vom_Kolosseum\" data-image-description=\"\" data-image-caption=\"&lt;p&gt;Sicht auf den Konstantinsbogen vom Kolosseum aus, Autor: Philippos~dewiki; Quelle: Wikimedia Commons&lt;\/p&gt;\n\" data-medium-file=\"https:\/\/i0.wp.com\/www.av-rheinland.de\/wp-content\/uploads\/2025\/03\/Konstantinsbogen_vom_Kolosseum-scaled.jpg?fit=300%2C237\" data-large-file=\"https:\/\/i0.wp.com\/www.av-rheinland.de\/wp-content\/uploads\/2025\/03\/Konstantinsbogen_vom_Kolosseum-scaled.jpg?fit=525%2C415\" decoding=\"async\" loading=\"lazy\" class=\"size-medium wp-image-1289\" src=\"https:\/\/i0.wp.com\/www.av-rheinland.de\/wp-content\/uploads\/2025\/03\/Konstantinsbogen_vom_Kolosseum.jpg?resize=300%2C237\" alt=\"\" width=\"300\" height=\"237\" srcset=\"https:\/\/i0.wp.com\/www.av-rheinland.de\/wp-content\/uploads\/2025\/03\/Konstantinsbogen_vom_Kolosseum-scaled.jpg?resize=300%2C237 300w, https:\/\/i0.wp.com\/www.av-rheinland.de\/wp-content\/uploads\/2025\/03\/Konstantinsbogen_vom_Kolosseum-scaled.jpg?resize=1024%2C810 1024w, https:\/\/i0.wp.com\/www.av-rheinland.de\/wp-content\/uploads\/2025\/03\/Konstantinsbogen_vom_Kolosseum-scaled.jpg?resize=768%2C608 768w, https:\/\/i0.wp.com\/www.av-rheinland.de\/wp-content\/uploads\/2025\/03\/Konstantinsbogen_vom_Kolosseum-scaled.jpg?resize=1536%2C1215 1536w, https:\/\/i0.wp.com\/www.av-rheinland.de\/wp-content\/uploads\/2025\/03\/Konstantinsbogen_vom_Kolosseum-scaled.jpg?resize=2048%2C1620 2048w\" sizes=\"(max-width: 300px) 100vw, 300px\" data-recalc-dims=\"1\" \/><figcaption id=\"caption-attachment-1289\" class=\"wp-caption-text\">Sicht auf den Konstantinsbogen vom Kolosseum aus, Autor: Philippos~dewiki; Quelle: Wikimedia Commons<\/figcaption><\/figure>\n<p>&nbsp;<\/p>\n<p><strong>Donnerstag, den 15. Mai 2025, 18:15 Uhr<\/strong><\/p>\n<p>H\u00f6rsaal der Klassischen Arch\u00e4ologie, AVZ III, R\u00f6merstra\u00dfe 164, Bonn<\/p>\n<p><strong>PD Dr. Chiara Blasetti Fantauzzi (Freie Universit\u00e4t Berlin)<\/strong><\/p>\n<h1>Die sakrale Topographie von Erice<\/h1>\n<p>Neue Untersuchungen in den Heiligt\u00fcmern der Aphrodite und Demeter<\/p>\n<p>Die antike Stadt Eryx (heute Erice) in Westsizilien ist insbesondere f\u00fcr ihr Aphroditeheiligtum bekannt, das Polybios als das ber\u00fchmteste Heiligtum Siziliens bezeichnete (Pol. 1. 55. 7\u20138). Die Freie Universit\u00e4t Berlin f\u00fchrt seit 2010 arch\u00e4ologische Untersuchungen in Erice durch, zun\u00e4chst entlang der Stadtmauer und seit 2021 in den au\u00dferhalb der Stadt gelegenen Heiligt\u00fcmern der Aphrodite und der Demeter. Im Rahmen des Vortrags wird die Chronologie der Stadt und der Heiligt\u00fcmer anhand der neuen Grabungen erl\u00e4utert. Zudem wird ihre Entwicklung vom 7. bis 1. Jh. v. Chr. rekonstruiert und mit den reichen literarischen Quellen korreliert. Die Grabungsergebnisse werfen ein neues Licht auf die politischen Hintergr\u00fcnde der Stadtgr\u00fcndung und die kulturgeschichtliche Bedeutung der Heiligt\u00fcmer.<\/p>\n<figure id=\"attachment_1273\" aria-describedby=\"caption-attachment-1273\" style=\"width: 124px\" class=\"wp-caption alignnone\"><img data-attachment-id=\"1273\" data-permalink=\"http:\/\/www.av-rheinland.de\/index.php\/2025\/04\/24\/vortrag-15-05-2025-1815-uhr-pd-dr-chiara-blasetti-fantauzzi-die-sakrale-topographie-von-erice\/blasetti_bronzestatuette\/\" data-orig-file=\"https:\/\/i0.wp.com\/www.av-rheinland.de\/wp-content\/uploads\/2025\/03\/Blasetti_Bronzestatuette-scaled.jpg?fit=1058%2C2560\" data-orig-size=\"1058,2560\" data-comments-opened=\"1\" data-image-meta=\"{&quot;aperture&quot;:&quot;0&quot;,&quot;credit&quot;:&quot;&quot;,&quot;camera&quot;:&quot;&quot;,&quot;caption&quot;:&quot;&quot;,&quot;created_timestamp&quot;:&quot;0&quot;,&quot;copyright&quot;:&quot;&quot;,&quot;focal_length&quot;:&quot;0&quot;,&quot;iso&quot;:&quot;0&quot;,&quot;shutter_speed&quot;:&quot;0&quot;,&quot;title&quot;:&quot;&quot;,&quot;orientation&quot;:&quot;1&quot;}\" data-image-title=\"Blasetti_Bronzestatuette\" data-image-description=\"\" data-image-caption=\"&lt;p&gt;Bronzestatuette aus dem Heiligtum der Aphrodite in Erice (\u00a9 Museo Regionale \u201cAgostino Pepoli\u201d Trapani).&lt;\/p&gt;\n\" data-medium-file=\"https:\/\/i0.wp.com\/www.av-rheinland.de\/wp-content\/uploads\/2025\/03\/Blasetti_Bronzestatuette-scaled.jpg?fit=124%2C300\" data-large-file=\"https:\/\/i0.wp.com\/www.av-rheinland.de\/wp-content\/uploads\/2025\/03\/Blasetti_Bronzestatuette-scaled.jpg?fit=423%2C1024\" decoding=\"async\" loading=\"lazy\" class=\"size-medium wp-image-1273\" src=\"https:\/\/i0.wp.com\/www.av-rheinland.de\/wp-content\/uploads\/2025\/03\/Blasetti_Bronzestatuette.jpg?resize=124%2C300\" alt=\"\" width=\"124\" height=\"300\" srcset=\"https:\/\/i0.wp.com\/www.av-rheinland.de\/wp-content\/uploads\/2025\/03\/Blasetti_Bronzestatuette-scaled.jpg?resize=124%2C300 124w, https:\/\/i0.wp.com\/www.av-rheinland.de\/wp-content\/uploads\/2025\/03\/Blasetti_Bronzestatuette-scaled.jpg?resize=423%2C1024 423w, https:\/\/i0.wp.com\/www.av-rheinland.de\/wp-content\/uploads\/2025\/03\/Blasetti_Bronzestatuette-scaled.jpg?resize=768%2C1858 768w, https:\/\/i0.wp.com\/www.av-rheinland.de\/wp-content\/uploads\/2025\/03\/Blasetti_Bronzestatuette-scaled.jpg?resize=635%2C1536 635w, https:\/\/i0.wp.com\/www.av-rheinland.de\/wp-content\/uploads\/2025\/03\/Blasetti_Bronzestatuette-scaled.jpg?resize=847%2C2048 847w, https:\/\/i0.wp.com\/www.av-rheinland.de\/wp-content\/uploads\/2025\/03\/Blasetti_Bronzestatuette-scaled.jpg?w=1058 1058w\" sizes=\"(max-width: 124px) 100vw, 124px\" data-recalc-dims=\"1\" \/><figcaption id=\"caption-attachment-1273\" class=\"wp-caption-text\">Bronzestatuette aus dem Heiligtum der Aphrodite in Erice (\u00a9 Museo Regionale \u201cAgostino Pepoli\u201d Trapani).<\/figcaption><\/figure>\n<p>&nbsp;<\/p>\n<p><strong>Donnerstag, den 26. Juni 2025, 18:15 Uhr<\/strong><\/p>\n<p>H\u00f6rsaal der Klassischen Arch\u00e4ologie, AVZ III, R\u00f6merstra\u00dfe 164, Bonn<\/p>\n<p><strong><em>Professor Dr. Leif Scheuermann (Universit\u00e4t Trier)<\/em><\/strong><\/p>\n<h1>Antikes Transportwesen simulieren?<\/h1>\n<p>Einblicke in das strada-Projekt<\/p>\n<p>Simulationen werden heute in den Naturwissenschaften als Standardmethode eingesetzt. In den Altertumswissenschaften gibt es erst einzelne Ans\u00e4tze zur Nutzung historischer Simulationen. So ist es das Ziel des STRADA-Projektes an der Universit\u00e4t Trier, die Ankunftswahrscheinlichkeit von Transporten zwischen Aquileja und dem Donaulimes zu berechnen.<\/p>\n<figure id=\"attachment_1277\" aria-describedby=\"caption-attachment-1277\" style=\"width: 300px\" class=\"wp-caption alignnone\"><img data-attachment-id=\"1277\" data-permalink=\"http:\/\/www.av-rheinland.de\/index.php\/2025\/05\/15\/vortrag-26-06-2025-1815-uhr-professor-dr-leif-scheuermann-antikes-transportwesen-simulieren\/scheuermann_bildbonn\/\" data-orig-file=\"https:\/\/i0.wp.com\/www.av-rheinland.de\/wp-content\/uploads\/2025\/03\/Scheuermann_BildBonn.jpg?fit=734%2C683\" data-orig-size=\"734,683\" data-comments-opened=\"1\" data-image-meta=\"{&quot;aperture&quot;:&quot;0&quot;,&quot;credit&quot;:&quot;&quot;,&quot;camera&quot;:&quot;&quot;,&quot;caption&quot;:&quot;&quot;,&quot;created_timestamp&quot;:&quot;0&quot;,&quot;copyright&quot;:&quot;&quot;,&quot;focal_length&quot;:&quot;0&quot;,&quot;iso&quot;:&quot;0&quot;,&quot;shutter_speed&quot;:&quot;0&quot;,&quot;title&quot;:&quot;&quot;,&quot;orientation&quot;:&quot;1&quot;}\" data-image-title=\"Scheuermann_BildBonn\" data-image-description=\"\" data-image-caption=\"&lt;p&gt;Verschiedene Methoden, wie Rekonstruktionen und Fernerkundung dienen der Simulation des r\u00f6mischen Transportwesens im Alpenraum. (Bildrecht beim Vortragenden)&lt;\/p&gt;\n\" data-medium-file=\"https:\/\/i0.wp.com\/www.av-rheinland.de\/wp-content\/uploads\/2025\/03\/Scheuermann_BildBonn.jpg?fit=300%2C279\" data-large-file=\"https:\/\/i0.wp.com\/www.av-rheinland.de\/wp-content\/uploads\/2025\/03\/Scheuermann_BildBonn.jpg?fit=525%2C489\" decoding=\"async\" loading=\"lazy\" class=\"size-medium wp-image-1277\" src=\"https:\/\/i0.wp.com\/www.av-rheinland.de\/wp-content\/uploads\/2025\/03\/Scheuermann_BildBonn.jpg?resize=300%2C279\" alt=\"\" width=\"300\" height=\"279\" srcset=\"https:\/\/i0.wp.com\/www.av-rheinland.de\/wp-content\/uploads\/2025\/03\/Scheuermann_BildBonn.jpg?resize=300%2C279 300w, https:\/\/i0.wp.com\/www.av-rheinland.de\/wp-content\/uploads\/2025\/03\/Scheuermann_BildBonn.jpg?w=734 734w\" sizes=\"(max-width: 300px) 100vw, 300px\" data-recalc-dims=\"1\" \/><figcaption id=\"caption-attachment-1277\" class=\"wp-caption-text\">Verschiedene Methoden, wie Rekonstruktionen und Fernerkundung dienen der Simulation des r\u00f6mischen Transportwesens im Alpenraum. (Bildrecht beim Vortragenden)<\/figcaption><\/figure>\n<p>&nbsp;<\/p>\n<p><strong>Donnerstag, den 10. Juli 2025, 18:15 Uhr<\/strong><\/p>\n<p>H\u00f6rsaal der Klassischen Arch\u00e4ologie, AVZ III, R\u00f6merstra\u00dfe 164, Bonn<\/p>\n<p><strong><em>Dr. Viktoria R\u00e4uchle (Universit\u00e4t M\u00fcnchen)<\/em><\/strong><\/p>\n<h1>Chain My Heart!<\/h1>\n<p>Der gefesselte Eros in der griechisch-r\u00f6mischen Bilderwelt und Literatur<\/p>\n<p>Das Motiv des gefesselten und damit f\u00fcr das Qu\u00e4len der ungl\u00fccklich Verliebten bestraften Liebesgottes kennt die hellenistische und kaiserzeitliche Bilderwelt und Literatur in verschiedensten Gattungen und Zusammenh\u00e4ngen. In dieser Figur verdichten sich Bedeutungen auf unterschiedlichen Ebenen zu einem Panoptikum des Begehrens, das sich aus universalen Aspekten affektiver Erfahrung speist und dabei zugleich in hohem Ma\u00dfe von kulturspezifischen Liebeskonzepten sowie literarischen und visuellen Traditionen gepr\u00e4gt ist. Dieses Motiv bietet M\u00f6glichkeiten einer Er\u00f6rterung \u00fcber das Wesen der Liebe zwischen g\u00f6ttlicher Macht und Affekt, \u00fcber die Fesseln der Leidenschaften und die Ketten der Vernunft, \u00fcber universale und zeitgebundene Aspekte des Begehrens und \u00fcber die Verstrickungen konkreter und metaphorischer Bedeutungen in der antiken Bildsprache.<\/p>\n<figure id=\"attachment_1285\" aria-describedby=\"caption-attachment-1285\" style=\"width: 141px\" class=\"wp-caption alignnone\"><img data-attachment-id=\"1285\" data-permalink=\"http:\/\/www.av-rheinland.de\/index.php\/2025\/06\/26\/vortrag-10-07-2025-1815-uhr-dr-viktoria-raeuchle-chain-my-heart-der-gefesselte-eros-in-der-griechisch-roemischen-bilderwelt-und-literatur\/raeuchle_wallmoden-rueckenakt\/\" data-orig-file=\"https:\/\/i0.wp.com\/www.av-rheinland.de\/wp-content\/uploads\/2025\/03\/Raeuchle_Wallmoden-Rueckenakt.png?fit=1009%2C2147\" data-orig-size=\"1009,2147\" data-comments-opened=\"1\" data-image-meta=\"{&quot;aperture&quot;:&quot;0&quot;,&quot;credit&quot;:&quot;&quot;,&quot;camera&quot;:&quot;&quot;,&quot;caption&quot;:&quot;&quot;,&quot;created_timestamp&quot;:&quot;0&quot;,&quot;copyright&quot;:&quot;&quot;,&quot;focal_length&quot;:&quot;0&quot;,&quot;iso&quot;:&quot;0&quot;,&quot;shutter_speed&quot;:&quot;0&quot;,&quot;title&quot;:&quot;&quot;,&quot;orientation&quot;:&quot;0&quot;}\" data-image-title=\"R\u00e4uchle_Wallmoden R\u00fcckenakt\" data-image-description=\"\" data-image-caption=\"&lt;p&gt;Der gefesselte Eros. Marmorstatue. Hannover, Sammlung Wallmoden&lt;\/p&gt;\n&lt;p&gt;Mit Genehmigung S.k.H. des Prinzen von Hannover, Herzogs zu Braunschweig und Lu\u0308neburg. Photo Stephan Eckardt, G\u00f6ttingen&lt;\/p&gt;\n\" data-medium-file=\"https:\/\/i0.wp.com\/www.av-rheinland.de\/wp-content\/uploads\/2025\/03\/Raeuchle_Wallmoden-Rueckenakt.png?fit=141%2C300\" data-large-file=\"https:\/\/i0.wp.com\/www.av-rheinland.de\/wp-content\/uploads\/2025\/03\/Raeuchle_Wallmoden-Rueckenakt.png?fit=481%2C1024\" decoding=\"async\" loading=\"lazy\" class=\"size-medium wp-image-1285\" src=\"https:\/\/i0.wp.com\/www.av-rheinland.de\/wp-content\/uploads\/2025\/03\/Raeuchle_Wallmoden-Rueckenakt.png?resize=141%2C300\" alt=\"\" width=\"141\" height=\"300\" srcset=\"https:\/\/i0.wp.com\/www.av-rheinland.de\/wp-content\/uploads\/2025\/03\/Raeuchle_Wallmoden-Rueckenakt.png?resize=141%2C300 141w, https:\/\/i0.wp.com\/www.av-rheinland.de\/wp-content\/uploads\/2025\/03\/Raeuchle_Wallmoden-Rueckenakt.png?resize=481%2C1024 481w, https:\/\/i0.wp.com\/www.av-rheinland.de\/wp-content\/uploads\/2025\/03\/Raeuchle_Wallmoden-Rueckenakt.png?resize=768%2C1634 768w, https:\/\/i0.wp.com\/www.av-rheinland.de\/wp-content\/uploads\/2025\/03\/Raeuchle_Wallmoden-Rueckenakt.png?resize=722%2C1536 722w, https:\/\/i0.wp.com\/www.av-rheinland.de\/wp-content\/uploads\/2025\/03\/Raeuchle_Wallmoden-Rueckenakt.png?resize=962%2C2048 962w, https:\/\/i0.wp.com\/www.av-rheinland.de\/wp-content\/uploads\/2025\/03\/Raeuchle_Wallmoden-Rueckenakt.png?w=1009 1009w\" sizes=\"(max-width: 141px) 100vw, 141px\" data-recalc-dims=\"1\" \/><figcaption id=\"caption-attachment-1285\" class=\"wp-caption-text\">Der gefesselte Eros. Marmorstatue. Hannover, Sammlung Wallmoden<br \/>Mit Genehmigung S.k.H. des Prinzen von Hannover, Herzogs zu Braunschweig und Lu\u0308neburg. Photo Stephan Eckardt, G\u00f6ttingen<\/figcaption><\/figure>\n<p>&nbsp;<\/p>\n<div class=\"mceTemp\"><\/div>\n<p><strong>Donnerstag, den 25. September 2025, 18:15 Uhr<\/strong><\/p>\n<p>Vortragssaal im LVR-Landesmuseum Bonn, Colmantstra\u00dfe 14-16<\/p>\n<p><strong><em>Helena Huber M.A. (Rheinisches Landesmuseum Trier)<\/em><\/strong><\/p>\n<h1>Mark Aurel<\/h1>\n<p>Kaiser, Feldherr und Philosoph im Blick der Trierer Landesausstellung 2025<\/p>\n<p>Vom 15. Juni bis zum 23. November 2025 findet die rheinland-pf\u00e4lzische Landesausstellung \u201eMarc Aurel\u201c in Trier statt. In zwei Ausstellungsteilen widmen sich das Rheinische Landesmuseum und das Stadtmuseum Simeonstift Trier dem Leben, der Zeit und der Philosophie des r\u00f6mischen Kaisers, sowie der Frage \u201eWas ist gute Herrschaft?\u201c. Der Vortrag konzentriert sich auf Konzept und Umsetzung des Ausstellungsteils \u201eKaiser, Feldherr, Philosoph\u201c im Rheinischen Landesmuseum Trier. Wie lassen sich Leben und Epoche Marc Aurels in einer Ausstellung behandeln? Welche herausragenden Exponate und vielseitigen Gestaltungselemente kommen dabei zum Einsatz?<\/p>\n<p><img decoding=\"async\" loading=\"lazy\" class=\"\" src=\"https:\/\/i0.wp.com\/www.av-rheinland.de\/wp-content\/uploads\/2025\/08\/1_Plakat_Landesausstellung_Marc_Aurel_2025.jpg?resize=326%2C460\" width=\"326\" height=\"460\" data-recalc-dims=\"1\" \/><\/p>\n<p><em>Plakat zur Landesausstellung \u201eMarc Aurel\u201c 2025 in Trier<\/em><br \/>\n<em>Bildrechte: Polyform und Studio Edgar Kandratian sowie Rheinisches Landesmuseum Trier<\/em><\/p>\n<p>&nbsp;<\/p>\n<p><strong>Donnerstag, den 30. Oktober 2025, 18:15 Uhr<\/strong><\/p>\n<p>Vortragssaal des LVR-LandesMuseums Bonn, Colmantstra\u00dfe 14\u201316<\/p>\n<p><em><strong>PD Dr. Christoph Michels (M\u00fcnster)<\/strong><\/em><\/p>\n<h1>Marc Aurel in seinen Briefen<\/h1>\n<p>Vom \u201aPrinzen\u2018 zum Kaiser<\/p>\n<p>Der \u201ePhilosophenkaiser\u201c Marc Aurel sticht unter den r\u00f6mischen Principes auch deswegen hervor, da zu ihm gleich zwei einzigartige Quellen vorliegen: seine Selbstbetrachtungen und die Briefe, die Marcus mit seinem Rhetoriklehrer M. Cornelius Fronto zun\u00e4chst als Sch\u00fcler und \u201aPrinz\u2018, dann als Herrscher austauschte. Beide Quellen erm\u00f6glichen auf den ersten Blick einen \u00fcberaus \u201aprivaten\u2018 Zugriff auf die Person des Kaisers. Wie sein \u201aphilosophisches Tagebuch\u2018, muss jedoch auch seine \u00fcber ein Vierteljahrhundert reichende Korrespondenz genau interpretiert werden, um belastbare Aussagen f\u00fcr die Entwicklung des Kaisers gewinnen zu k\u00f6nnen.<\/p>\n<p><img data-attachment-id=\"1331\" data-permalink=\"http:\/\/www.av-rheinland.de\/index.php\/2025\/09\/25\/vortrag-30-10-2025-1815-uhr-pd-dr-christoph-michels-marc-aurel-in-seinen-briefen\/marc-aurel\/\" data-orig-file=\"https:\/\/i0.wp.com\/www.av-rheinland.de\/wp-content\/uploads\/2025\/08\/Marc-Aurel.jpg?fit=1628%2C1262\" data-orig-size=\"1628,1262\" data-comments-opened=\"1\" data-image-meta=\"{&quot;aperture&quot;:&quot;0&quot;,&quot;credit&quot;:&quot;&quot;,&quot;camera&quot;:&quot;&quot;,&quot;caption&quot;:&quot;&quot;,&quot;created_timestamp&quot;:&quot;0&quot;,&quot;copyright&quot;:&quot;&quot;,&quot;focal_length&quot;:&quot;0&quot;,&quot;iso&quot;:&quot;0&quot;,&quot;shutter_speed&quot;:&quot;0&quot;,&quot;title&quot;:&quot;&quot;,&quot;orientation&quot;:&quot;0&quot;}\" data-image-title=\"Marc Aurel\" data-image-description=\"\" data-image-caption=\"\" data-medium-file=\"https:\/\/i0.wp.com\/www.av-rheinland.de\/wp-content\/uploads\/2025\/08\/Marc-Aurel.jpg?fit=300%2C233\" data-large-file=\"https:\/\/i0.wp.com\/www.av-rheinland.de\/wp-content\/uploads\/2025\/08\/Marc-Aurel.jpg?fit=525%2C407\" decoding=\"async\" loading=\"lazy\" class=\"alignnone size-medium wp-image-1331\" src=\"https:\/\/i0.wp.com\/www.av-rheinland.de\/wp-content\/uploads\/2025\/08\/Marc-Aurel.jpg?resize=300%2C233\" alt=\"\" width=\"300\" height=\"233\" srcset=\"https:\/\/i0.wp.com\/www.av-rheinland.de\/wp-content\/uploads\/2025\/08\/Marc-Aurel.jpg?resize=300%2C233 300w, https:\/\/i0.wp.com\/www.av-rheinland.de\/wp-content\/uploads\/2025\/08\/Marc-Aurel.jpg?resize=1024%2C794 1024w, https:\/\/i0.wp.com\/www.av-rheinland.de\/wp-content\/uploads\/2025\/08\/Marc-Aurel.jpg?resize=768%2C595 768w, https:\/\/i0.wp.com\/www.av-rheinland.de\/wp-content\/uploads\/2025\/08\/Marc-Aurel.jpg?resize=1536%2C1191 1536w, https:\/\/i0.wp.com\/www.av-rheinland.de\/wp-content\/uploads\/2025\/08\/Marc-Aurel.jpg?w=1628 1628w\" sizes=\"(max-width: 300px) 100vw, 300px\" data-recalc-dims=\"1\" \/><\/p>\n<p>&nbsp;<\/p>\n<p><strong>Donnerstag, den 20. November 2025, 18:15 Uhr<\/strong><\/p>\n<p>H\u00f6rsaal der Klassischen Arch\u00e4ologie, AVZ III, R\u00f6merstra\u00dfe 164, Bonn<\/p>\n<p><em><strong>Prof. Monika Tr\u00fcmper (Berlin)<\/strong><\/em><\/p>\n<h1>Das Gymnasium von Agrigent<\/h1>\n<p>Neue Funde und Forschungen der Freien Universit\u00e4t Berlin<\/p>\n<p>In der griechischen Kultur stellten Gymnasien den zentralen Ort f\u00fcr sportliche und intellektuelle Ausbildung der Jugend dar. Von den wenigen bekannten Beispielen solcher Geb\u00e4ude im westlichen Mittelmeerraum ist das Gymnasium in Agrigent das wichtigste und gr\u00f6\u00dfte. Es wurde zwischen 1960 und 2005 partiell freigelegt, und seit 2020 gr\u00e4bt dort ein Team der Freien Universit\u00e4t Berlin. Es werden Ergebnisse von f\u00fcnf Feldforschungskampagnen vorgestellt, darunter ein H\u00f6rsaal und eine gro\u00dfe Bauinschrift. Die Anlage\u00a0\u2013 so zeigt sich nun\u00a0\u2013 bot Raum f\u00fcr vielerlei athletische \u00dcbungen, vor allem auch f\u00fcr den nur selten arch\u00e4ologisch nachweisbaren Schwimmsport, war aber auch ein Ort f\u00fcr Vorf\u00fchrungen und geistige Aktivit\u00e4t.<\/p>\n<p><img decoding=\"async\" src=\"https:\/\/i0.wp.com\/www.av-rheinland.de\/wp-content\/uploads\/2025\/08\/AGG25_DrohnenfotoPalaestra_2025-06-23-scaled.jpg?w=525\" data-recalc-dims=\"1\" \/><\/p>\n<p><em>Agrigent, Drohnenbild vom Gymnasium 2025. Der Bereich der Pal\u00e4stra setzt sich noch nach links und oben \u00fcber den Bildrand fort. Dazu geh\u00f6rt links der Bildmitte der H\u00f6rsaal mit halbkreisf\u00f6rmigen Stufen, nach rechts schlie\u00dft ein gro\u00dfer Saalbau an. Am rechten Bildrand in halber H\u00f6he des Bildes der Bereich des einst von S\u00e4ulen umstandenen Schwimmbeckens. Foto FU Berlin.<\/em><\/p>\n<p>&nbsp;<\/p>\n<p><strong>Donnerstag, den 12. Dezember 2025, 18:15 Uhr<\/strong><\/p>\n<p>H\u00f6rsaal der Klassischen Arch\u00e4ologie, AVZ III, R\u00f6merstra\u00dfe 164, Bonn<\/p>\n<p><strong><em>Prof. Dr. Diamantis Panagiotopoulos (Universit\u00e4t Heidelberg)<\/em><\/strong><\/p>\n<h1>Der minoische Stiersprung<\/h1>\n<p>Anatomie eines\u00a0fr\u00fch\u00e4g\u00e4ischen Rituals<\/p>\n<p>Innerhalb der faszinierenden Bilderwelt aus der Bl\u00fctezeit der minoischen Kultur sticht ein Motiv so deutlich hervor, dass es geradezu zum visuellen Emblem des Palastes von Knossos wurde: die atemraubende Begegnung zwischen wagemutigen jungen Akrobaten und dem ungez\u00e4hmten Stier. Zwar kennt auch die \u00fcbrige Alte Welt Darstellungen dieses archaischen Duells \u2013 doch nur auf dem bronzezeitlichen Kreta verdichtete sich das Thema zu einem \u00e4sthetisch und symbolisch \u00fcberaus kraftvollen Leitmotiv. Nach mehr als einem Jahrhundert intensiver Forschung und einer F\u00fclle an Deutungsversuchen wird im Vortrag eine neue Interpretation gewagt, welche die identit\u00e4tsstiftende Bedeutung dieses Bildthemas f\u00fcr die minoische Elite in einem neuen Licht erscheinen l\u00e4sst.<\/p>\n<figure id=\"attachment_1343\" aria-describedby=\"caption-attachment-1343\" style=\"width: 300px\" class=\"wp-caption alignnone\"><img data-attachment-id=\"1343\" data-permalink=\"http:\/\/www.av-rheinland.de\/index.php\/2025\/12\/09\/vortrag-12-12-2025-1815-uhr-prof-dr-diamantis-panagiotopoulos-der-minoische-stiersprung\/stiersprung-red\/\" data-orig-file=\"https:\/\/i0.wp.com\/www.av-rheinland.de\/wp-content\/uploads\/2025\/12\/Stiersprung-red.jpg?fit=1159%2C768\" data-orig-size=\"1159,768\" data-comments-opened=\"1\" data-image-meta=\"{&quot;aperture&quot;:&quot;5.6&quot;,&quot;credit&quot;:&quot;&quot;,&quot;camera&quot;:&quot;NIKON D5100&quot;,&quot;caption&quot;:&quot;&quot;,&quot;created_timestamp&quot;:&quot;1476710999&quot;,&quot;copyright&quot;:&quot;&quot;,&quot;focal_length&quot;:&quot;105&quot;,&quot;iso&quot;:&quot;800&quot;,&quot;shutter_speed&quot;:&quot;0.016666666666667&quot;,&quot;title&quot;:&quot;&quot;,&quot;orientation&quot;:&quot;1&quot;}\" data-image-title=\"Stiersprung red\" data-image-description=\"\" data-image-caption=\"\" data-medium-file=\"https:\/\/i0.wp.com\/www.av-rheinland.de\/wp-content\/uploads\/2025\/12\/Stiersprung-red.jpg?fit=300%2C199\" data-large-file=\"https:\/\/i0.wp.com\/www.av-rheinland.de\/wp-content\/uploads\/2025\/12\/Stiersprung-red.jpg?fit=525%2C348\" decoding=\"async\" loading=\"lazy\" class=\"wp-image-1343 size-medium\" src=\"https:\/\/i0.wp.com\/www.av-rheinland.de\/wp-content\/uploads\/2025\/12\/Stiersprung-red.jpg?resize=300%2C199\" alt=\"\" width=\"300\" height=\"199\" srcset=\"https:\/\/i0.wp.com\/www.av-rheinland.de\/wp-content\/uploads\/2025\/12\/Stiersprung-red.jpg?resize=300%2C199 300w, https:\/\/i0.wp.com\/www.av-rheinland.de\/wp-content\/uploads\/2025\/12\/Stiersprung-red.jpg?resize=1024%2C679 1024w, https:\/\/i0.wp.com\/www.av-rheinland.de\/wp-content\/uploads\/2025\/12\/Stiersprung-red.jpg?resize=768%2C509 768w, https:\/\/i0.wp.com\/www.av-rheinland.de\/wp-content\/uploads\/2025\/12\/Stiersprung-red.jpg?w=1159 1159w\" sizes=\"(max-width: 300px) 100vw, 300px\" data-recalc-dims=\"1\" \/><figcaption id=\"caption-attachment-1343\" class=\"wp-caption-text\">Stiersprung<\/figcaption><\/figure>\n","protected":false},"excerpt":{"rendered":"<p>Vorschau &nbsp; Donnerstag, den 16. Januar 2025, 18:15 Uhr H\u00f6rsaal der Klassischen Arch\u00e4ologie, AVZ III, R\u00f6merstra\u00dfe 164, Bonn Prof. Dr. Hartmut Matth\u00e4us (Universit\u00e4t Erlangen) Prinias: ein urbanes Zentrum des fr\u00fchen ersten Jahrtausends v. Chr. auf der Insel Kreta Stadtanlage, Nekropole, transmaritime Beziehungen w\u00e4hrend der ,Dark Ages\u02bb Prinias liegt an strategisch g\u00fcnstiger Position in Zentralkreta auf &hellip; <\/p>\n<p class=\"link-more\"><a href=\"http:\/\/www.av-rheinland.de\/index.php\/vortraege-2025\/\" class=\"more-link\"><span class=\"screen-reader-text\">\u201eVortr\u00e4ge 2025\u201c<\/span> weiterlesen<\/a><\/p>\n","protected":false},"author":1,"featured_media":0,"parent":0,"menu_order":0,"comment_status":"closed","ping_status":"closed","template":"","meta":{"jetpack_post_was_ever_published":false},"jetpack_sharing_enabled":true,"jetpack_shortlink":"https:\/\/wp.me\/P99Kwc-jE","jetpack_likes_enabled":true,"jetpack-related-posts":[{"id":1223,"url":"http:\/\/www.av-rheinland.de\/index.php\/fuehrungen-2025\/","url_meta":{"origin":1218,"position":0},"title":"F\u00fchrungen 2025","author":"altertumsverein","date":"Januar 8, 2025","format":false,"excerpt":"F\u00fchrung zum r\u00f6mischen Bonn Schon in vorr\u00f6mischer Zeit war der Ort des sp\u00e4teren Bonn durch die Eburonen besiedelt. Zu Beginn der r\u00f6mischen Kaiserzeit wechselten die Ubier von der rechtsrheinischen Seite hierher. Im Zuge der r\u00f6mischen Feldz\u00fcge nach Germanien wurden dann die ersten r\u00f6mischen Truppen in Bonn stationiert, und seit 43\u2026","rel":"","context":"\u00c4hnlicher Beitrag","block_context":{"text":"\u00c4hnlicher Beitrag","link":""},"img":{"alt_text":"","src":"","width":0,"height":0},"classes":[]},{"id":237,"url":"http:\/\/www.av-rheinland.de\/index.php\/archiv\/vortraege-2018\/","url_meta":{"origin":1218,"position":1},"title":"Vortr\u00e4ge 2018","author":"altertumsverein","date":"Oktober 27, 2017","format":false,"excerpt":"Hier finden Sie das Vortragsprogramm 2018 Donnerstag 6. Dezember 2018, 18:15 Uhr Winckelmannsvortrag Dr. Jutta Stroszeck (Athen) Die Entdeckung eines Orakelheiligtums im Kerameikos von Athen H\u00f6rsaal des Akademischen Kunstmuseums Bonn, Am Hofgarten 21, 53113 Bonn \u00a0 Der Kerameikos von Athen, einer der antiken Friedh\u00f6fe der Stadt, wird seit mehr als\u2026","rel":"","context":"\u00c4hnlicher Beitrag","block_context":{"text":"\u00c4hnlicher Beitrag","link":""},"img":{"alt_text":"","src":"","width":0,"height":0},"classes":[]},{"id":97,"url":"http:\/\/www.av-rheinland.de\/index.php\/archiv\/vortrage\/","url_meta":{"origin":1218,"position":2},"title":"Vortr\u00e4ge 2014-2016","author":"altertumsverein","date":"Juni 11, 2017","format":false,"excerpt":"Hier finden Sie die Vortr\u00e4ge der Jahre 2014-2016: \u00a0 2016 Donnerstag, 8. Dezember 2016, 18 Uhr c.t. (Winckelmann-Vortrag) Prof. Dr. Andreas Schmidt-Colinet (Wien) H\u00f6rsaal des Akademischen Kunstmuseums Bonn, Am Hofgarten 21 Palmyra geht uns alle an. Die Zerst\u00f6rung unseres kulturellen Ged\u00e4chtnisses. Syrien besitzt eines der weltweit bedeutendsten Kulturarchive, das von\u2026","rel":"","context":"\u00c4hnlicher Beitrag","block_context":{"text":"\u00c4hnlicher Beitrag","link":""},"img":{"alt_text":"","src":"","width":0,"height":0},"classes":[]},{"id":872,"url":"http:\/\/www.av-rheinland.de\/index.php\/archiv\/vortraege-2023\/","url_meta":{"origin":1218,"position":3},"title":"Vortr\u00e4ge 2023","author":"altertumsverein","date":"Oktober 24, 2022","format":false,"excerpt":"Vorschau \u00a0 Donnerstag, den 19. Januar 2023, 18:15 Uhr KIassische Arch\u00e4ologie und Akademisches Kunstmuseum, R\u00f6merstra\u00dfe 164, 53117 Bonn Dr. des. Stefan Pircher, M\u00fchldorf im M\u00f6lltal (K\u00e4rnten) und K\u00f6ln Xanten \u2013 Gr\u00e4ber und Stra\u00dfe Bestattungen des ersten Jahrhunderts im sp\u00e4teren Stadtgebiet Ein r\u00f6misches Brandgrab des ersten nachchristlichen Jahrhunderts. Foto LVR-R\u00f6mermuseum und\u2026","rel":"","context":"\u00c4hnlicher Beitrag","block_context":{"text":"\u00c4hnlicher Beitrag","link":""},"img":{"alt_text":"","src":"https:\/\/i0.wp.com\/www.av-rheinland.de\/wp-content\/uploads\/2023\/07\/Illu-Valsgaerde-7_J.Andersson_klein.jpg?resize=350%2C200","width":350,"height":200},"classes":[]},{"id":635,"url":"http:\/\/www.av-rheinland.de\/index.php\/archiv\/vortraege-2021\/","url_meta":{"origin":1218,"position":4},"title":"Vortr\u00e4ge 2021","author":"altertumsverein","date":"Dezember 9, 2020","format":false,"excerpt":"2021 Donnerstag, 2. September 2021, 18:15 Uhr Dr. Jan Schuster (Universit\u00e4t \u0141\u00f3d\u017a) Ort: LVR-LandesMuseum Bonn, Colmantstra\u00dfe 14-16, 53115 Bonn Kein Prunk ohne Rom Die abh\u00e4ngigen germanischen Eliten in der R\u00f6mischen Kaiserzeit Das Bild der Forschung von den Spitzen der sozialen Hierarchie in der Germania magna ist stark von der Auseinandersetzung\u2026","rel":"","context":"\u00c4hnlicher Beitrag","block_context":{"text":"\u00c4hnlicher Beitrag","link":""},"img":{"alt_text":"Alle bekannten r\u00c3\u00b6mischen Kessel, auf denen Germanen mit Suebenknoten dargestellt sind, wurden au\u00c3\u009ferhalb des R\u00c3\u00b6mischen Reiches gefunden und waren vermutlich meist als Geschenk dorthin gekommen. Hier die Attasche des St\u00c3\u00bcckes von Czarn\u00c3\u00b3wko (Polen), Grab R430, aus der zweiten H\u00c3\u00a4lfte des zweiten Jahrhunderts. Foto: Jan Schuster.","src":"https:\/\/i0.wp.com\/www.av-rheinland.de\/wp-content\/uploads\/2021\/07\/IMG_3983-1024x683.jpg?resize=350%2C200","width":350,"height":200,"srcset":"https:\/\/i0.wp.com\/www.av-rheinland.de\/wp-content\/uploads\/2021\/07\/IMG_3983-1024x683.jpg?resize=350%2C200 1x, https:\/\/i0.wp.com\/www.av-rheinland.de\/wp-content\/uploads\/2021\/07\/IMG_3983-1024x683.jpg?resize=525%2C300 1.5x"},"classes":[]},{"id":955,"url":"http:\/\/www.av-rheinland.de\/index.php\/aktuelles\/fuehrungen-2023\/","url_meta":{"origin":1218,"position":5},"title":"F\u00fchrungen 2023","author":"altertumsverein","date":"Mai 8, 2023","format":false,"excerpt":"F\u00fchrung zum r\u00f6mischen Bonn Schon in vorr\u00f6mischer Zeit war der Ort des sp\u00e4teren Bonn durch die Eburonen besiedelt. Zu Beginn der r\u00f6mischen Kaiserzeit wechselten die Ubier von der rechtsrheinischen Seite hierher. Im Zuge der r\u00f6mischen Feldz\u00fcge nach Germanien wurden dann die ersten r\u00f6mischen Truppen in Bonn stationiert, und seit 43\u2026","rel":"","context":"\u00c4hnlicher Beitrag","block_context":{"text":"\u00c4hnlicher Beitrag","link":""},"img":{"alt_text":"","src":"","width":0,"height":0},"classes":[]}],"_links":{"self":[{"href":"http:\/\/www.av-rheinland.de\/index.php\/wp-json\/wp\/v2\/pages\/1218"}],"collection":[{"href":"http:\/\/www.av-rheinland.de\/index.php\/wp-json\/wp\/v2\/pages"}],"about":[{"href":"http:\/\/www.av-rheinland.de\/index.php\/wp-json\/wp\/v2\/types\/page"}],"author":[{"embeddable":true,"href":"http:\/\/www.av-rheinland.de\/index.php\/wp-json\/wp\/v2\/users\/1"}],"replies":[{"embeddable":true,"href":"http:\/\/www.av-rheinland.de\/index.php\/wp-json\/wp\/v2\/comments?post=1218"}],"version-history":[{"count":23,"href":"http:\/\/www.av-rheinland.de\/index.php\/wp-json\/wp\/v2\/pages\/1218\/revisions"}],"predecessor-version":[{"id":1344,"href":"http:\/\/www.av-rheinland.de\/index.php\/wp-json\/wp\/v2\/pages\/1218\/revisions\/1344"}],"wp:attachment":[{"href":"http:\/\/www.av-rheinland.de\/index.php\/wp-json\/wp\/v2\/media?parent=1218"}],"curies":[{"name":"wp","href":"https:\/\/api.w.org\/{rel}","templated":true}]}}